{"id":2,"date":"2025-03-30T23:44:53","date_gmt":"2025-03-30T21:44:53","guid":{"rendered":"http:\/\/ferienbetreuung-kaufering.de\/?page_id=2"},"modified":"2026-03-21T13:40:02","modified_gmt":"2026-03-21T12:40:02","slug":"beispielseite","status":"publish","type":"page","link":"http:\/\/ferienbetreuung-kaufering.de\/","title":{"rendered":""},"content":{"rendered":"<div  class=\"tpgb-container-row tpgb-block-b544_2  tpgb-section-height-min-height   alignwide  tpgb-container-inline  tpgb-container-wide \" data-id=\"b544_2 \"   ><div class=\"tpgb-cont-in\">\n\n<div class=\"tpgb-wrap-5edc23ef_2 tpgb-position-relative tpgb-tab-position-relative tpgb-mobile-position-relative\"><div class=\"wp-block-tpgb-tp-image tpgb-image tpgb-block-5edc23ef_2\"><figure class=\"tpgb-figure\"><img decoding=\"async\" width=\"615\" height=\"93\" src=\"http:\/\/ferienbetreuung-kaufering.de\/wp-content\/uploads\/2025\/04\/897f6e4c5f10326f60bbff0b8cab3af7-1.png\" alt=\"\" class=\"tpgb-img-inner wp-image-244\" loading=\"lazy\"\/><\/figure><\/div><\/div>\n\n\n\n<span class=\"wp-block-tpgb-tp-heading tp-core-heading tpgb-block-b42324ab_2  wp-block-heading\">Herzlich <br>Willkommen<\/span>\n\n\n\n<span class=\"wp-block-tpgb-tp-heading tp-core-heading tpgb-block-cdf018b3_2  wp-block-heading\">bei der<\/span>\n\n\n\n<span class=\"wp-block-tpgb-tp-heading tp-core-heading tpgb-block-cb8f75a7_2  wp-block-heading\">Ferienbetreuung <br>Kaufering<\/span>\n\n\n\n<div class=\"tpgb-wrap-a0ab1ab0_2 tpgb-position-absolute tpgb-tab-position-absolute tpgb-mobile-position-absolute\"><div class=\"wp-block-tpgb-tp-image tpgb-image tpgb-block-a0ab1ab0_2\"><figure class=\"tpgb-figure\"><img decoding=\"async\" src=\"http:\/\/ferienbetreuung-kaufering.de\/wp-content\/uploads\/2025\/03\/0bb001e130d55a3760aef7f50d75dd92-1.svg\" alt=\"\" class=\"tpgb-img-inner wp-image-135\" loading=\"lazy\"\/><\/figure><\/div><\/div>\n\n\n\n<div class=\"tpgb-wrap-da5e415a_2 tpgb-position-absolute tpgb-tab-position-absolute tpgb-mobile-position-absolute\"><div class=\"wp-block-tpgb-tp-image tpgb-image tpgb-block-da5e415a_2\"><figure class=\"tpgb-figure\"><img decoding=\"async\" src=\"http:\/\/ferienbetreuung-kaufering.de\/wp-content\/uploads\/2025\/03\/d7b20cb6b93b5a0e5e14249444c328b4-1.svg\" alt=\"\" class=\"tpgb-img-inner wp-image-134\" loading=\"lazy\"\/><\/figure><\/div><\/div>\n\n\n\n<div class=\"tpgb-wrap-f9bdbac7_2 tpgb-position-absolute tpgb-tab-position-absolute tpgb-mobile-position-absolute\"><div class=\"wp-block-tpgb-tp-image tpgb-image tpgb-block-f9bdbac7_2\"><figure class=\"tpgb-figure\"><img decoding=\"async\" src=\"http:\/\/ferienbetreuung-kaufering.de\/wp-content\/uploads\/2025\/03\/e2ba686722c73825b0ebf0467bcc7543-1.svg\" alt=\"\" class=\"tpgb-img-inner wp-image-137\" loading=\"lazy\"\/><\/figure><\/div><\/div>\n\n\n\n<div class=\"tpgb-wrap-273a9eb6_2 tpgb-position-absolute tpgb-tab-position-absolute tpgb-mobile-position-absolute\"><div class=\"wp-block-tpgb-tp-image tpgb-image tpgb-block-273a9eb6_2\"><figure class=\"tpgb-figure\"><img decoding=\"async\" src=\"http:\/\/ferienbetreuung-kaufering.de\/wp-content\/uploads\/2025\/03\/8ebd2f0ebb00c1933bfac9d1544c2429-1.svg\" alt=\"\" class=\"tpgb-img-inner wp-image-136\" loading=\"lazy\"\/><\/figure><\/div><\/div>\n\n<\/div><\/div>\n\n\n<!DOCTYPE html>\n<html lang=\"de\">\n<head>\n  <meta charset=\"UTF-8\">\n  <meta name=\"viewport\" content=\"width=device-width, initial-scale=1.0\">\n  <title>Fixiertes Top-Men\u00fc<\/title>\n  <link href=\"https:\/\/fonts.googleapis.com\/css2?family=Plus+Jakarta+Sans:wght@400;500&#038;display=swap\" rel=\"stylesheet\">\n  <style>\n    html {\n      scroll-behavior: smooth;\n    }\n\n    body {\n      margin: 0;\n      margin-bottom: -15px;\n      padding-top: 5px;\n      font-family: 'Plus Jakarta Sans', sans-serif;\n    }\n\n    .fixed-top-bar {\n      display: none; \/* Standardm\u00e4\u00dfig ausblenden *\/\n    }\n\n    @media (max-width: 767px) {\n      .fixed-top-bar {\n        display: flex; \/* Nur bei mobilen Ger\u00e4ten einblenden *\/\n        position: fixed;\n        top: 10px;\n        left: 50%;\n        transform: translateX(-50%);\n        background-color: #0C513F;\n        border-radius: 30px;\n        border: 2px solid #FFC501;\n        padding: 0.75rem 1.5rem;\n        color: white;\n        width: 90%;\n        max-width: 500px;\n        justify-content: center;\n        align-items: center;\n        gap: 1.2rem;\n        z-index: 1000;\n        text-align: center;\n        box-shadow:\n          2px 4px 8px #0000008A,\n          0 5px 15px rgba(0, 0, 0, 0.2);\n      }\n    }\n\n    .fixed-top-bar a {\n      font-size: 1.4rem;\n      font-weight: 500;\n      white-space: nowrap;\n      line-height: 1.2em;\n      letter-spacing: -1.2px;\n      color: white;\n      text-decoration: none;\n    }\n\n    .fixed-top-bar a:hover {\n      text-decoration: underline;\n    }\n  <\/style>\n<\/head>\n<body>\n\n  <div class=\"fixed-top-bar\">\n    <a href=\"#Termine1M\">Termine<\/a>\n    <a href=\"#ImpressionenM\">Impressionen<\/a>\n    <a href=\"#FAQs\">FAQs<\/a>\n  <\/div>\n\n<\/body>\n<\/html>\n\n\n<div  class=\"tpgb-container-row tpgb-block-cf1b_2  tpgb-section-height-min-height   alignfull  tpgb-container-inline  tpgb-container-wide \" data-id=\"cf1b_2 \"   ><div class=\"tpgb-cont-in\">\n\n<span class=\"wp-block-tpgb-tp-heading tp-core-heading tpgb-block-3cbf_2  wp-block-heading\">Herzlich <br>Willkommen<\/span>\n\n\n\n<span class=\"wp-block-tpgb-tp-heading tp-core-heading tpgb-block-730c_2  wp-block-heading\">bei der<\/span>\n\n\n\n<span class=\"wp-block-tpgb-tp-heading tp-core-heading tpgb-block-91f4_2  wp-block-heading\">Ferienbetreuung <br>Kaufering<\/span>\n\n\n\n<div class=\"tpgb-wrap-5c86_2 tpgb-position-absolute tpgb-tab-position-absolute tpgb-mobile-position-relative\"><div class=\"wp-block-tpgb-tp-image tpgb-image tpgb-block-5c86_2\"><figure class=\"tpgb-figure\"><img decoding=\"async\" src=\"http:\/\/ferienbetreuung-kaufering.de\/wp-content\/uploads\/2025\/05\/Frame-10.svg\" alt=\"\" class=\"tpgb-img-inner wp-image-957\" loading=\"lazy\"\/><\/figure><\/div><\/div>\n\n<\/div><\/div>\n\n\n<div class=\"wp-block-group alignwide uag-hide-mob has-global-padding is-layout-constrained wp-block-group-is-layout-constrained\">\n<div class=\"tpgb-wrap-7225_2 tpgb-position-relative tpgb-tab-position-relative tpgb-mobile-position-absolute  tpgb-view-animation tpgb-anim-dur-normal alignfull\" data-animationsetting=\"{&quot;anime&quot;:{&quot;md&quot;:&quot;slideInDown&quot;}}\"><span class=\"wp-block-tpgb-tp-heading alignfull tp-core-heading tpgb-block-7225_2  wp-block-heading\">Termine  Ferienbetreuung<\/span><\/div>\n\n\n\n<div class=\"tpgb-wrap-ff2f_2 tpgb-position-absolute tpgb-tab-position-absolute tpgb-mobile-position-absolute  tpgb-view-animation tpgb-anim-dur-normal\" data-animationsetting=\"{&quot;anime&quot;:{&quot;md&quot;:&quot;slideInDown&quot;}}\"><div class=\"wp-block-tpgb-tp-image tpgb-image tpgb-block-ff2f_2\"><figure class=\"tpgb-figure\"><img decoding=\"async\" src=\"http:\/\/ferienbetreuung-kaufering.de\/wp-content\/uploads\/2025\/03\/90834e3bd9d2fef2f5f4f12657a5ac05-1.svg\" alt=\"\" class=\"tpgb-img-inner wp-image-156\" loading=\"lazy\"\/><\/figure><\/div><\/div>\n\n\n\n<div class=\"tpgb-wrap-0705_2 tpgb-position-absolute tpgb-tab-position-absolute tpgb-mobile-position-absolute  tpgb-view-animation tpgb-anim-dur-normal\" data-animationsetting=\"{&quot;anime&quot;:{&quot;md&quot;:&quot;slideInDown&quot;,&quot;xs&quot;:&quot;slideInDown&quot;}}\"><div class=\"wp-block-tpgb-tp-image tpgb-image tpgb-block-0705_2\"><figure class=\"tpgb-figure\"><img decoding=\"async\" src=\"http:\/\/ferienbetreuung-kaufering.de\/wp-content\/uploads\/2025\/03\/90834e3bd9d2fef2f5f4f12657a5ac05-1.svg\" alt=\"\" class=\"tpgb-img-inner wp-image-156\" loading=\"lazy\"\/><\/figure><\/div><\/div>\n<\/div>\n\n\n\n<div class=\"wp-block-group alignwide uag-hide-desktop uag-hide-tab has-global-padding is-layout-constrained wp-block-group-is-layout-constrained\">\n<div class=\"tpgb-wrap-56e2_2 tpgb-position-relative tpgb-tab-position-relative tpgb-mobile-position-absolute  tpgb-view-animation tpgb-anim-dur-normal alignfull\" data-animationsetting=\"{&quot;anime&quot;:{&quot;md&quot;:&quot;slideInDown&quot;}}\"><span class=\"wp-block-tpgb-tp-heading alignfull tp-core-heading tpgb-block-56e2_2  wp-block-heading\">Termine    Ferienbetreuung<\/span><\/div>\n<\/div>\n\n\n<div class=\"tpgb-empty-space tpgb-block-8cd8_2 \"><\/div>\n\n<div id=\"Termine1M\" class=\"tpgb-container-row tpgb-block-7495_2    alignfull   tpgb-container-wide \" data-id=\"7495_2 \"   ><div class=\"tpgb-cont-in\">\n<div class=\"tpgb-container-col tpgb-block-12e6_2 \" data-id=\"12e6_2\"  >\n<div class=\"tpgb-empty-space tpgb-block-d18f_2 \"><\/div>\n\n\n<span class=\"wp-block-tpgb-tp-heading tp-core-heading tpgb-block-bb13_2  wp-block-heading\">Faschingsferien<\/span>\n\n\n<div class=\"tpgb-empty-space tpgb-block-04bc_2 \"><\/div>\n\n\n<div class=\"tpgb-pro-paragraph tpgb-block-10bd_2\"><div class=\"pro-paragraph-inner\"><p>Mo, 16.02. &#8211; Fr, 20.02. <br>(5 Tage)<br>08:00 bis 16:00 Uhr <br>inkl. Mittagessen\u2028<br>(Mitgliedschaft erforderlich)<br><br>Sportzentrum Kaufering (Eingang West 2) Bayernstra\u00dfe 15, Kaufering 86916<\/p><\/div><\/div>\n\n\n<div class=\"tpgb-empty-space tpgb-block-a666_2 \"><\/div>\n\n\n<div class=\"wp-block-tpgb-tp-button-core tp-button-core tpgb-block-6e4c_2\"><a href=\"http:\/\/ferienbetreuung-kaufering.de\/wp-content\/uploads\/2025\/11\/Fasching2026.pdf\" target=\"_blank\" rel=\"follow noopener\" class=\"tpgb-btn-link\"><span class=\"tpgb-btn-wrap\"><span class=\"tpgb-btn-icon-wrap\"><i class=\"tpgb-btn-icon fas fa-arrow-right\"><\/i><\/span><span class=\"tpgb-btn-txt\">ANMELDUNG<\/span><\/span><\/a><\/div>\n\n\n<div class=\"tpgb-empty-space tpgb-block-3bad_2 \"><\/div>\n\n\n<div class=\"wp-block-tpgb-tp-image tpgb-image tpgb-block-d702_2\"><figure class=\"tpgb-figure\"><img decoding=\"async\" width=\"395\" height=\"188\" src=\"http:\/\/ferienbetreuung-kaufering.de\/wp-content\/uploads\/2025\/05\/Frame-5-3-e1747602285378.png\" alt=\"\" class=\"tpgb-img-inner wp-image-920\" loading=\"lazy\" srcset=\"http:\/\/ferienbetreuung-kaufering.de\/wp-content\/uploads\/2025\/05\/Frame-5-3-e1747602285378.png 395w, http:\/\/ferienbetreuung-kaufering.de\/wp-content\/uploads\/2025\/05\/Frame-5-3-e1747602285378-300x143.png 300w\" sizes=\"auto, (max-width: 395px) 100vw, 395px\" \/><\/figure><\/div>\n\n<\/div>\n\n<div class=\"tpgb-container-col tpgb-block-ea25_2 \" data-id=\"ea25_2\"  >\n<div class=\"tpgb-empty-space tpgb-block-bf70_2 \"><\/div>\n\n\n<h3 class=\"wp-block-tpgb-tp-heading tp-core-heading tpgb-block-5a48_2\">Pfingstferien 1. Woche<\/h3>\n\n\n<div class=\"tpgb-empty-space tpgb-block-4cda_2 \"><\/div>\n\n\n<div class=\"tpgb-pro-paragraph tpgb-block-e5e9_2\"><div class=\"pro-paragraph-inner\"><p>Mo, 26.05. \u2013 Fr, 29.05. <br>(4 Tage) <br>08:00 bis 14:00 Uhr <br>inkl. Mittagessen <br>(Mitgliedschaft erforderlich)<br><br>Sportzentrum Kaufering (Eingang West 2) Bayernstra\u00dfe 15, Kaufering 86916<\/p><\/div><\/div>\n\n\n<div class=\"tpgb-empty-space tpgb-block-4ad8_2 \"><\/div>\n\n\n<div class=\"wp-block-tpgb-tp-button-core tp-button-core tpgb-block-9340_2\"><a href=\"http:\/\/ferienbetreuung-kaufering.de\/wp-content\/uploads\/2025\/11\/Pfingsten2026.pdf\" target=\"_blank\" rel=\"follow noopener\" class=\"tpgb-btn-link\"><span class=\"tpgb-btn-wrap\"><span class=\"tpgb-btn-icon-wrap\"><i class=\"tpgb-btn-icon fas fa-arrow-right\"><\/i><\/span><span class=\"tpgb-btn-txt\">ANMELDUNG<\/span><\/span><\/a><\/div>\n\n\n<div class=\"tpgb-empty-space tpgb-block-2ffc_2 \"><\/div>\n\n\n<div class=\"wp-block-tpgb-tp-image tpgb-image tpgb-block-040d_2\"><figure class=\"tpgb-figure\"><img decoding=\"async\" width=\"395\" height=\"188\" src=\"http:\/\/ferienbetreuung-kaufering.de\/wp-content\/uploads\/2025\/04\/be07d054fc9d38ff2908359ffcb1df7b-1.png\" alt=\"\" class=\"tpgb-img-inner wp-image-314\" loading=\"lazy\"\/><\/figure><\/div>\n\n<\/div>\n<\/div><\/div>\n\n<div  class=\"tpgb-container-row tpgb-block-44b4_2    alignfull   tpgb-container-wide \" data-id=\"44b4_2 \"   ><div class=\"tpgb-cont-in\">\n<div class=\"tpgb-container-col tpgb-block-c67c_2 \" data-id=\"c67c_2\"  >\n<div class=\"tpgb-empty-space tpgb-block-a189_2 \"><\/div>\n\n\n<h3 class=\"wp-block-tpgb-tp-heading tp-core-heading tpgb-block-2411_2\">Pfingstferien 2. Woche<\/h3>\n\n\n<div class=\"tpgb-empty-space tpgb-block-10ab_2 \"><\/div>\n\n\n<div class=\"tpgb-pro-paragraph tpgb-block-dfb7_2\"><div class=\"pro-paragraph-inner\"><p>Mo, 01.06. \u2013 Mi, 03.06. <br>(3 Tage)<br> 08:00 bis 16:00 Uhr <br>inkl. Mittagessen \u2028<br>(Mitgliedschaft erforderlich)<br><br>Sportzentrum Kaufering (Eingang West 2) Bayernstra\u00dfe 15, Kaufering 86916<\/p><\/div><\/div>\n\n\n<div class=\"tpgb-empty-space tpgb-block-e43f_2 \"><\/div>\n\n\n<div class=\"wp-block-tpgb-tp-button-core tp-button-core tpgb-block-15ab_2\"><a href=\"http:\/\/ferienbetreuung-kaufering.de\/wp-content\/uploads\/2025\/11\/Pfingsten2026.pdf\" target=\"_blank\" rel=\"follow noopener\" class=\"tpgb-btn-link\"><span class=\"tpgb-btn-wrap\"><span class=\"tpgb-btn-icon-wrap\"><i class=\"tpgb-btn-icon fas fa-arrow-right\"><\/i><\/span><span class=\"tpgb-btn-txt\">ANMELDUNG<\/span><\/span><\/a><\/div>\n\n\n<div class=\"tpgb-empty-space tpgb-block-d951_2 \"><\/div>\n\n\n<div class=\"wp-block-tpgb-tp-image tpgb-image tpgb-block-11bf_2\"><figure class=\"tpgb-figure\"><img decoding=\"async\" width=\"395\" height=\"183\" src=\"http:\/\/ferienbetreuung-kaufering.de\/wp-content\/uploads\/2025\/04\/18a71655b4d461ba24e873f1e1ed269f-1.png\" alt=\"\" class=\"tpgb-img-inner wp-image-311\" loading=\"lazy\"\/><\/figure><\/div>\n\n<\/div>\n\n<div class=\"tpgb-container-col tpgb-block-7521_2 \" data-id=\"7521_2\"  >\n<div class=\"tpgb-empty-space tpgb-block-56fd_2 \"><\/div>\n\n\n<span class=\"wp-block-tpgb-tp-heading tp-core-heading tpgb-block-997a_2  wp-block-heading\">Sommerferien 1<\/span>\n\n\n<div class=\"tpgb-empty-space tpgb-block-7a5c_2 \"><\/div>\n\n\n<div class=\"tpgb-pro-paragraph tpgb-block-413d_2\"><div class=\"pro-paragraph-inner\"><p>Mo, 31.08. &#8211; Fr, 04.09. <br>(5 Tage)<br>08:00 bis 16:00 Uhr <br>inkl. Mittagessen\u2028<br>(Mitgliedschaft erforderlich)<br><br>Sportzentrum Kaufering (Eingang West 2) Bayernstra\u00dfe 15, Kaufering 86916<\/p><\/div><\/div>\n\n\n<div class=\"tpgb-empty-space tpgb-block-21d7_2 \"><\/div>\n\n\n<div class=\"wp-block-tpgb-tp-button-core tp-button-core tpgb-block-faec_2\"><a href=\"http:\/\/ferienbetreuung-kaufering.de\/wp-content\/uploads\/2025\/11\/Sommer2026.pdf\" target=\"_blank\" rel=\"follow noopener\" class=\"tpgb-btn-link\"><span class=\"tpgb-btn-wrap\"><span class=\"tpgb-btn-icon-wrap\"><i class=\"tpgb-btn-icon fas fa-arrow-right\"><\/i><\/span><span class=\"tpgb-btn-txt\">ANMELDUNG<\/span><\/span><\/a><\/div>\n\n\n<div class=\"tpgb-empty-space tpgb-block-8d64_2 \"><\/div>\n\n\n<div class=\"wp-block-tpgb-tp-image tpgb-image tpgb-block-b0b6_2\"><figure class=\"tpgb-figure\"><img decoding=\"async\" width=\"396\" height=\"188\" src=\"http:\/\/ferienbetreuung-kaufering.de\/wp-content\/uploads\/2025\/03\/941d51f195abb45de5eda1baf2c13be1-1.png\" alt=\"\" class=\"tpgb-img-inner wp-image-222\" loading=\"lazy\"\/><\/figure><\/div>\n\n<\/div>\n<\/div><\/div>\n\n<div  class=\"tpgb-container-row tpgb-block-c413_2    alignfull   tpgb-container-wide \" data-id=\"c413_2 \"   ><div class=\"tpgb-cont-in\">\n<div class=\"tpgb-container-col tpgb-block-6a69_2 \" data-id=\"6a69_2\"  >\n<div class=\"tpgb-empty-space tpgb-block-aaec_2 \"><\/div>\n\n\n<h3 class=\"wp-block-tpgb-tp-heading tp-core-heading tpgb-block-ded6_2\">Sommerferien 2<\/h3>\n\n\n<div class=\"tpgb-empty-space tpgb-block-881d_2 \"><\/div>\n\n\n<div class=\"tpgb-pro-paragraph tpgb-block-9f01_2\"><div class=\"pro-paragraph-inner\"><p>Mo,07.09. &#8211; Fr, 11.09.<br> (5 Tage)<br>08:00 bis 16:00 Uhr <br>inkl. Mittagessen\u2028<br>(Mitgliedschaft erforderlich)<br><br>Sportzentrum Kaufering (Eingang West 2) Bayernstra\u00dfe 15, Kaufering 86916<\/p><\/div><\/div>\n\n\n<div class=\"tpgb-empty-space tpgb-block-481b_2 \"><\/div>\n\n\n<div class=\"wp-block-tpgb-tp-button-core tp-button-core tpgb-block-035a_2\"><a href=\"http:\/\/ferienbetreuung-kaufering.de\/wp-content\/uploads\/2025\/11\/Sommer2026.pdf\" target=\"_blank\" rel=\"follow noopener\" class=\"tpgb-btn-link\"><span class=\"tpgb-btn-wrap\"><span class=\"tpgb-btn-icon-wrap\"><i class=\"tpgb-btn-icon fas fa-arrow-right\"><\/i><\/span><span class=\"tpgb-btn-txt\">ANMELDUNG<\/span><\/span><\/a><\/div>\n\n\n<div class=\"tpgb-empty-space tpgb-block-8e51_2 \"><\/div>\n\n\n<div class=\"wp-block-tpgb-tp-image tpgb-image tpgb-block-b3d5_2\"><figure class=\"tpgb-figure\"><img decoding=\"async\" width=\"396\" height=\"188\" src=\"http:\/\/ferienbetreuung-kaufering.de\/wp-content\/uploads\/2025\/03\/941d51f195abb45de5eda1baf2c13be1-1.png\" alt=\"\" class=\"tpgb-img-inner wp-image-222\" loading=\"lazy\"\/><\/figure><\/div>\n\n<\/div>\n\n<div class=\"tpgb-container-col tpgb-block-b478_2 \" data-id=\"b478_2\"  >\n<div class=\"tpgb-empty-space tpgb-block-6832_2 \"><\/div>\n\n\n<h3 class=\"wp-block-tpgb-tp-heading tp-core-heading tpgb-block-e039_2\">Herbstferien<\/h3>\n\n\n<div class=\"tpgb-empty-space tpgb-block-e5c6_2 \"><\/div>\n\n\n<div class=\"tpgb-pro-paragraph tpgb-block-91e7_2\"><div class=\"pro-paragraph-inner\"><p>Mo,02.11. &#8211; Fr, 06.11. <br>(5 Tage)<br>08:00 bis 16:00 Uhr <br>inkl. Mittagessen\u2028<br>(Mitgliedschaft erforderlich)<br><br>Sportzentrum Kaufering (Eingang West 2) Bayernstra\u00dfe 15, Kaufering 86916<\/p><\/div><\/div>\n\n\n<div class=\"tpgb-empty-space tpgb-block-badc_2 \"><\/div>\n\n\n<div class=\"wp-block-tpgb-tp-button-core tp-button-core tpgb-block-4797_2\"><a href=\"http:\/\/ferienbetreuung-kaufering.de\/wp-content\/uploads\/2025\/11\/Herbst2026.pdf\" target=\"_blank\" rel=\"follow noopener\" class=\"tpgb-btn-link\"><span class=\"tpgb-btn-wrap\"><span class=\"tpgb-btn-icon-wrap\"><i class=\"tpgb-btn-icon fas fa-arrow-right\"><\/i><\/span><span class=\"tpgb-btn-txt\">ANMELDUNG<\/span><\/span><\/a><\/div>\n\n\n<div class=\"tpgb-empty-space tpgb-block-b688_2 \"><\/div>\n\n\n<div class=\"wp-block-tpgb-tp-image tpgb-image tpgb-block-ec1f_2\"><figure class=\"tpgb-figure\"><img decoding=\"async\" width=\"395\" height=\"188\" src=\"http:\/\/ferienbetreuung-kaufering.de\/wp-content\/uploads\/2025\/05\/Frame-5-1.png\" alt=\"\" class=\"tpgb-img-inner wp-image-926\" loading=\"lazy\" srcset=\"http:\/\/ferienbetreuung-kaufering.de\/wp-content\/uploads\/2025\/05\/Frame-5-1.png 395w, http:\/\/ferienbetreuung-kaufering.de\/wp-content\/uploads\/2025\/05\/Frame-5-1-300x143.png 300w\" sizes=\"auto, (max-width: 395px) 100vw, 395px\" \/><\/figure><\/div>\n\n<\/div>\n<\/div><\/div>\n\n<div id=\"Termine\" class=\"tpgb-container-row tpgb-block-9092_2    alignwide   tpgb-container-wide \" data-id=\"9092_2 \"   ><div class=\"tpgb-cont-in\">\n<div class=\"tpgb-container-col tpgb-block-b07e_2 \" data-id=\"b07e_2\"  >\n<div class=\"tpgb-empty-space tpgb-block-59d0_2 \"><\/div>\n\n\n<div class=\"wp-block-tpgb-tp-image tpgb-image tpgb-block-afc9_2\"><figure class=\"tpgb-figure\"><img decoding=\"async\" src=\"http:\/\/ferienbetreuung-kaufering.de\/wp-content\/uploads\/2025\/04\/1b86efe12fb985558e1a6bf78bd9d30d-1.svg\" alt=\"\" class=\"tpgb-img-inner wp-image-308\" loading=\"lazy\"\/><\/figure><\/div>\n\n\n<div class=\"tpgb-empty-space tpgb-block-65ba_2 \"><\/div>\n\n\n<h3 class=\"wp-block-tpgb-tp-heading tp-core-heading tpgb-block-7eb6_2  wp-block-heading\">Faschingsferien<\/h3>\n\n\n<div class=\"tpgb-empty-space tpgb-block-6f78_2 \"><\/div>\n\n\n<div class=\"tpgb-pro-paragraph tpgb-block-ab89_2\"><div class=\"pro-paragraph-inner\"><p>Mo, 16.02. &#8211; Fr, 20.02. (5 Tage)<br>08:00 bis 16:00 Uhr inkl. Mittagessen\u2028<br>(Mitgliedschaft erforderlich)<br><br>Sportzentrum Kaufering (Eingang West 2) Bayernstra\u00dfe 15, Kaufering 86916<\/p><\/div><\/div>\n\n\n<div class=\"tpgb-empty-space tpgb-block-46d0_2 \"><\/div>\n\n\n<div class=\"wp-block-tpgb-tp-button-core tp-button-core tpgb-block-5635_2\"><a href=\"http:\/\/ferienbetreuung-kaufering.de\/wp-content\/uploads\/2025\/11\/Fasching2026.pdf\" target=\"_blank\" rel=\"follow noopener\" class=\"tpgb-btn-link\"><span class=\"tpgb-btn-wrap\"><span class=\"tpgb-btn-icon-wrap\"><i class=\"tpgb-btn-icon fas fa-arrow-right\"><\/i><\/span><span class=\"tpgb-btn-txt\">ZUR ANMELDUNG<\/span><\/span><\/a><\/div>\n\n\n<div class=\"tpgb-empty-space tpgb-block-884c_2 \"><\/div>\n\n\n<div class=\"wp-block-tpgb-tp-image tpgb-image tpgb-block-c9f8_2\"><figure class=\"tpgb-figure\"><img decoding=\"async\" width=\"395\" height=\"188\" src=\"http:\/\/ferienbetreuung-kaufering.de\/wp-content\/uploads\/2025\/05\/Frame-5-3-e1747602285378.png\" alt=\"\" class=\"tpgb-img-inner wp-image-920\" loading=\"lazy\" srcset=\"http:\/\/ferienbetreuung-kaufering.de\/wp-content\/uploads\/2025\/05\/Frame-5-3-e1747602285378.png 395w, http:\/\/ferienbetreuung-kaufering.de\/wp-content\/uploads\/2025\/05\/Frame-5-3-e1747602285378-300x143.png 300w\" sizes=\"auto, (max-width: 395px) 100vw, 395px\" \/><\/figure><\/div>\n\n<\/div>\n\n<div class=\"tpgb-container-col tpgb-block-e030_2 \" data-id=\"e030_2\"  >\n<div class=\"tpgb-empty-space tpgb-block-494f_2 \"><\/div>\n\n\n<div class=\"wp-block-tpgb-tp-image tpgb-image tpgb-block-5865_2\"><figure class=\"tpgb-figure\"><img decoding=\"async\" src=\"http:\/\/ferienbetreuung-kaufering.de\/wp-content\/uploads\/2025\/04\/b4ec27b0803351091471dfa13ef7cfe1-1.svg\" alt=\"\" class=\"tpgb-img-inner wp-image-312\" loading=\"lazy\"\/><\/figure><\/div>\n\n\n<div class=\"tpgb-empty-space tpgb-block-1d8c_2 \"><\/div>\n\n\n<h3 class=\"wp-block-tpgb-tp-heading tp-core-heading tpgb-block-c9a3_2\">Pfingstferien 1. Woche<\/h3>\n\n\n<div class=\"tpgb-empty-space tpgb-block-bfb4_2 \"><\/div>\n\n\n<div class=\"tpgb-pro-paragraph tpgb-block-9d69_2\"><div class=\"pro-paragraph-inner\"><p>Di, 26.05. \u2013 Fr, 29.05. (4 Tage) <br>08:00 bis 14:00 Uhr inkl. Mittagessen <br>(Mitgliedschaft erforderlich)<br><br>Sportzentrum Kaufering (Eingang West 2) Bayernstra\u00dfe 15, Kaufering 86916<\/p><\/div><\/div>\n\n\n<div class=\"tpgb-empty-space tpgb-block-1d40_2 \"><\/div>\n\n\n<div class=\"wp-block-tpgb-tp-button-core tp-button-core tpgb-block-2551_2\"><a href=\"http:\/\/ferienbetreuung-kaufering.de\/wp-content\/uploads\/2025\/11\/Pfingsten2026.pdf\" target=\"_blank\" rel=\"follow noopener\" class=\"tpgb-btn-link\"><span class=\"tpgb-btn-wrap\"><span class=\"tpgb-btn-icon-wrap\"><i class=\"tpgb-btn-icon fas fa-arrow-right\"><\/i><\/span><span class=\"tpgb-btn-txt\">ZUR ANMELDUNG<\/span><\/span><\/a><\/div>\n\n\n<div class=\"tpgb-empty-space tpgb-block-a33c_2 \"><\/div>\n\n\n<div class=\"wp-block-tpgb-tp-image tpgb-image tpgb-block-dfc5_2\"><figure class=\"tpgb-figure\"><img decoding=\"async\" width=\"395\" height=\"188\" src=\"http:\/\/ferienbetreuung-kaufering.de\/wp-content\/uploads\/2025\/04\/be07d054fc9d38ff2908359ffcb1df7b-1.png\" alt=\"\" class=\"tpgb-img-inner wp-image-314\" loading=\"lazy\"\/><\/figure><\/div>\n\n<\/div>\n\n<div class=\"tpgb-container-col tpgb-block-4436_2 \" data-id=\"4436_2\"  >\n<div class=\"tpgb-empty-space tpgb-block-b665_2 \"><\/div>\n\n\n<div class=\"wp-block-tpgb-tp-image tpgb-image tpgb-block-7507_2\"><figure class=\"tpgb-figure\"><img decoding=\"async\" src=\"http:\/\/ferienbetreuung-kaufering.de\/wp-content\/uploads\/2025\/04\/b4ec27b0803351091471dfa13ef7cfe1-1.svg\" alt=\"\" class=\"tpgb-img-inner wp-image-312\" loading=\"lazy\"\/><\/figure><\/div>\n\n\n<div class=\"tpgb-empty-space tpgb-block-8ae8_2 \"><\/div>\n\n\n<h3 class=\"wp-block-tpgb-tp-heading tp-core-heading tpgb-block-b344_2\">Pfingstferien 2. Woche<\/h3>\n\n\n<div class=\"tpgb-empty-space tpgb-block-0e7e_2 \"><\/div>\n\n\n<div class=\"tpgb-pro-paragraph tpgb-block-696c_2\"><div class=\"pro-paragraph-inner\"><p>Mo, 01.06. \u2013 Mi, 03.06. (3 Tage)<br> 08:00 bis 16:00 Uhr inkl. Mittagessen \u2028<br>(Mitgliedschaft erforderlich)<br><br>Sportzentrum Kaufering (Eingang West 2) Bayernstra\u00dfe 15, Kaufering 86916<\/p><\/div><\/div>\n\n\n<div class=\"tpgb-empty-space tpgb-block-3fc5_2 \"><\/div>\n\n\n<div class=\"wp-block-tpgb-tp-button-core tp-button-core tpgb-block-1d66_2\"><a href=\"http:\/\/ferienbetreuung-kaufering.de\/wp-content\/uploads\/2025\/11\/Pfingsten2026.pdf\" target=\"_blank\" rel=\"follow noopener\" class=\"tpgb-btn-link\"><span class=\"tpgb-btn-wrap\"><span class=\"tpgb-btn-icon-wrap\"><i class=\"tpgb-btn-icon fas fa-arrow-right\"><\/i><\/span><span class=\"tpgb-btn-txt\">ZUR ANMELDUNG<\/span><\/span><\/a><\/div>\n\n\n<div class=\"tpgb-empty-space tpgb-block-e358_2 \"><\/div>\n\n\n<div class=\"wp-block-tpgb-tp-image tpgb-image tpgb-block-ef76_2\"><figure class=\"tpgb-figure\"><img decoding=\"async\" width=\"395\" height=\"188\" src=\"http:\/\/ferienbetreuung-kaufering.de\/wp-content\/uploads\/2025\/04\/be07d054fc9d38ff2908359ffcb1df7b-1.png\" alt=\"\" class=\"tpgb-img-inner wp-image-314\" loading=\"lazy\"\/><\/figure><\/div>\n\n<\/div>\n<\/div><\/div>\n\n<div  class=\"tpgb-container-row tpgb-block-25f0_2    alignwide   tpgb-container-wide \" data-id=\"25f0_2 \"   ><div class=\"tpgb-cont-in\">\n<div class=\"tpgb-container-col tpgb-block-3c9f_2 \" data-id=\"3c9f_2\"  >\n<div class=\"tpgb-empty-space tpgb-block-8986_2 \"><\/div>\n\n\n<div class=\"wp-block-tpgb-tp-image tpgb-image tpgb-block-d069_2\"><figure class=\"tpgb-figure\"><img decoding=\"async\" src=\"http:\/\/ferienbetreuung-kaufering.de\/wp-content\/uploads\/2025\/03\/9621f7373f048dbf7a358f56d6dba084-1.svg\" alt=\"\" class=\"tpgb-img-inner wp-image-217\" loading=\"lazy\"\/><\/figure><\/div>\n\n\n<div class=\"tpgb-empty-space tpgb-block-40a3_2 \"><\/div>\n\n\n<h3 class=\"wp-block-tpgb-tp-heading tp-core-heading tpgb-block-51f8_2  wp-block-heading\">Sommerferien 1<\/h3>\n\n\n<div class=\"tpgb-empty-space tpgb-block-4f80_2 \"><\/div>\n\n\n<div class=\"tpgb-pro-paragraph tpgb-block-01d3_2\"><div class=\"pro-paragraph-inner\"><p>Mo, 31.08. &#8211; Fr, 04.09. (5 Tage)<br>08:00 bis 16:00 Uhr inkl. Mittagessen\u2028<br>(Mitgliedschaft erforderlich)<br><br>Sportzentrum Kaufering (Eingang West 2) Bayernstra\u00dfe 15, Kaufering 86916<\/p><\/div><\/div>\n\n\n<div class=\"tpgb-empty-space tpgb-block-d974_2 \"><\/div>\n\n\n<div class=\"wp-block-tpgb-tp-button-core tp-button-core tpgb-block-8bde_2\"><a href=\"http:\/\/ferienbetreuung-kaufering.de\/wp-content\/uploads\/2025\/11\/Sommer2026.pdf\" target=\"_blank\" rel=\"follow noopener\" class=\"tpgb-btn-link\"><span class=\"tpgb-btn-wrap\"><span class=\"tpgb-btn-icon-wrap\"><i class=\"tpgb-btn-icon fas fa-arrow-right\"><\/i><\/span><span class=\"tpgb-btn-txt\">ZUR ANMELDUNG<\/span><\/span><\/a><\/div>\n\n\n<div class=\"tpgb-empty-space tpgb-block-0ebb_2 \"><\/div>\n\n\n<div class=\"wp-block-tpgb-tp-image tpgb-image tpgb-block-6ed4_2\"><figure class=\"tpgb-figure\"><img decoding=\"async\" width=\"396\" height=\"188\" src=\"http:\/\/ferienbetreuung-kaufering.de\/wp-content\/uploads\/2025\/03\/941d51f195abb45de5eda1baf2c13be1-1.png\" alt=\"\" class=\"tpgb-img-inner wp-image-222\" loading=\"lazy\"\/><\/figure><\/div>\n\n<\/div>\n\n<div class=\"tpgb-container-col tpgb-block-65ec_2 \" data-id=\"65ec_2\"  >\n<div class=\"tpgb-empty-space tpgb-block-5291_2 \"><\/div>\n\n\n<div class=\"wp-block-tpgb-tp-image tpgb-image tpgb-block-f6f3_2\"><figure class=\"tpgb-figure\"><img decoding=\"async\" src=\"http:\/\/ferienbetreuung-kaufering.de\/wp-content\/uploads\/2025\/03\/4ec36a93ecfb25aa96baec6696cb0fa8-1.svg\" alt=\"\" class=\"tpgb-img-inner wp-image-220\" loading=\"lazy\"\/><\/figure><\/div>\n\n\n<div class=\"tpgb-empty-space tpgb-block-0b96_2 \"><\/div>\n\n\n<h3 class=\"wp-block-tpgb-tp-heading tp-core-heading tpgb-block-be40_2\">Sommerferien 2<\/h3>\n\n\n<div class=\"tpgb-empty-space tpgb-block-8296_2 \"><\/div>\n\n\n<div class=\"tpgb-pro-paragraph tpgb-block-6747_2\"><div class=\"pro-paragraph-inner\"><p>Mo, 07.09. &#8211; Fr, 11.09. (5 Tage)<br>08:00 bis 16:00 Uhr inkl. Mittagessen\u2028<br>(Mitgliedschaft erforderlich)<br><br>Sportzentrum Kaufering (Eingang West 2) Bayernstra\u00dfe 15, Kaufering 86916<\/p><\/div><\/div>\n\n\n<div class=\"tpgb-empty-space tpgb-block-13c8_2 \"><\/div>\n\n\n<div class=\"wp-block-tpgb-tp-button-core tp-button-core tpgb-block-e9ab_2\"><a href=\"http:\/\/ferienbetreuung-kaufering.de\/wp-content\/uploads\/2025\/11\/Sommer2026.pdf\" target=\"_blank\" rel=\"follow noopener\" class=\"tpgb-btn-link\"><span class=\"tpgb-btn-wrap\"><span class=\"tpgb-btn-icon-wrap\"><i class=\"tpgb-btn-icon fas fa-arrow-right\"><\/i><\/span><span class=\"tpgb-btn-txt\">ZUR ANMELDUNG<\/span><\/span><\/a><\/div>\n\n\n<div class=\"tpgb-empty-space tpgb-block-67c3_2 \"><\/div>\n\n\n<div class=\"wp-block-tpgb-tp-image tpgb-image tpgb-block-c2a9_2\"><figure class=\"tpgb-figure\"><img decoding=\"async\" width=\"396\" height=\"188\" src=\"http:\/\/ferienbetreuung-kaufering.de\/wp-content\/uploads\/2025\/03\/941d51f195abb45de5eda1baf2c13be1-1.png\" alt=\"\" class=\"tpgb-img-inner wp-image-222\" loading=\"lazy\"\/><\/figure><\/div>\n\n<\/div>\n\n<div class=\"tpgb-container-col tpgb-block-289e_2 \" data-id=\"289e_2\"  >\n<div class=\"tpgb-empty-space tpgb-block-0c10_2 \"><\/div>\n\n\n<div class=\"wp-block-tpgb-tp-image tpgb-image tpgb-block-76b5_2\"><figure class=\"tpgb-figure\"><img decoding=\"async\" src=\"http:\/\/ferienbetreuung-kaufering.de\/wp-content\/uploads\/2025\/03\/63f9a18295f6eb779e55fd74f2d34bfb-1.svg\" alt=\"\" class=\"tpgb-img-inner wp-image-223\" loading=\"lazy\"\/><\/figure><\/div>\n\n\n<div class=\"tpgb-empty-space tpgb-block-314e_2 \"><\/div>\n\n\n<h3 class=\"wp-block-tpgb-tp-heading tp-core-heading tpgb-block-390f_2\">Herbstferien<\/h3>\n\n\n<div class=\"tpgb-empty-space tpgb-block-18b6_2 \"><\/div>\n\n\n<div class=\"tpgb-pro-paragraph tpgb-block-e619_2\"><div class=\"pro-paragraph-inner\"><p>Mo, 02.11. &#8211; Fr, 06.11. (5 Tage)<br>08:00 bis 16:00 Uhr inkl. Mittagessen\u2028<br>(Mitgliedschaft erforderlich)<br><br>Sportzentrum Kaufering (Eingang West 2) Bayernstra\u00dfe 15, Kaufering 86916<\/p><\/div><\/div>\n\n\n<div class=\"tpgb-empty-space tpgb-block-03d5_2 \"><\/div>\n\n\n<div class=\"wp-block-tpgb-tp-button-core tp-button-core tpgb-block-c7f6_2\"><a href=\"http:\/\/ferienbetreuung-kaufering.de\/wp-content\/uploads\/2025\/11\/Herbst2026.pdf\" target=\"_blank\" rel=\"follow noopener\" class=\"tpgb-btn-link\"><span class=\"tpgb-btn-wrap\"><span class=\"tpgb-btn-icon-wrap\"><i class=\"tpgb-btn-icon fas fa-arrow-right\"><\/i><\/span><span class=\"tpgb-btn-txt\">ZUR ANMELDUNG<\/span><\/span><\/a><\/div>\n\n\n<div class=\"tpgb-empty-space tpgb-block-3196_2 \"><\/div>\n\n\n<div class=\"wp-block-tpgb-tp-image tpgb-image tpgb-block-9bb2_2\"><figure class=\"tpgb-figure\"><img decoding=\"async\" width=\"395\" height=\"188\" src=\"http:\/\/ferienbetreuung-kaufering.de\/wp-content\/uploads\/2025\/05\/Frame-5-1.png\" alt=\"\" class=\"tpgb-img-inner wp-image-926\" loading=\"lazy\" srcset=\"http:\/\/ferienbetreuung-kaufering.de\/wp-content\/uploads\/2025\/05\/Frame-5-1.png 395w, http:\/\/ferienbetreuung-kaufering.de\/wp-content\/uploads\/2025\/05\/Frame-5-1-300x143.png 300w\" sizes=\"auto, (max-width: 395px) 100vw, 395px\" \/><\/figure><\/div>\n\n<\/div>\n<\/div><\/div>\n\n<div class=\"tpgb-empty-space tpgb-block-e3e1_2 \"><\/div>\n\n<div id=\"Impressionen\" class=\"tpgb-container-row tpgb-block-c499_2    alignwide   tpgb-container-wide \" data-id=\"c499_2 \"   ><div class=\"tpgb-cont-in\">\n<div class=\"tpgb-container-col tpgb-block-d216_2 \" data-id=\"d216_2\"  ><\/div>\n\n<div class=\"tpgb-container-col tpgb-block-d647_2 \" data-id=\"d647_2\"  >\n\n<div class=\"wp-block-uagb-advanced-heading uagb-block-bf45259f\"><h1 class=\"uagb-heading-text\">Impressionen<\/h1><\/div>\n\n\n\n<p><\/p>\n\n<\/div>\n\n<div class=\"tpgb-container-col tpgb-block-726d_2 \" data-id=\"726d_2\"  ><\/div>\n<\/div><\/div>\n\n<div id=\"ImpressionenM\" class=\"tpgb-container-row tpgb-block-9cf0_2    alignfull   tpgb-container-full \" data-id=\"9cf0_2 \"   >\n<div class=\"tpgb-container-col tpgb-block-2d76_2 \" data-id=\"2d76_2\"  >\n<div class=\"tpgb-empty-space tpgb-block-3254_2 \"><\/div>\n\n\n<div class=\"tpgb-wrap-2807_2\"><span class=\"wp-block-tpgb-tp-heading tp-core-heading tpgb-block-2807_2  wp-block-heading\">Impressionen<\/span><\/div>\n\n\n<div class=\"tpgb-empty-space tpgb-block-033e_2 \"><\/div>\n\n\n<div class=\"wp-block-tpgb-tp-image tpgb-image tpgb-block-6924_2\"><figure class=\"tpgb-figure\"><img decoding=\"async\" width=\"822\" height=\"1088\" src=\"http:\/\/ferienbetreuung-kaufering.de\/wp-content\/uploads\/2025\/06\/Frame-10-8.png\" alt=\"\" class=\"tpgb-img-inner wp-image-1175\" loading=\"lazy\" srcset=\"http:\/\/ferienbetreuung-kaufering.de\/wp-content\/uploads\/2025\/06\/Frame-10-8.png 822w, http:\/\/ferienbetreuung-kaufering.de\/wp-content\/uploads\/2025\/06\/Frame-10-8-227x300.png 227w, http:\/\/ferienbetreuung-kaufering.de\/wp-content\/uploads\/2025\/06\/Frame-10-8-774x1024.png 774w, http:\/\/ferienbetreuung-kaufering.de\/wp-content\/uploads\/2025\/06\/Frame-10-8-768x1017.png 768w\" sizes=\"auto, (max-width: 822px) 100vw, 822px\" \/><\/figure><\/div>\n\n\n<div class=\"tpgb-empty-space tpgb-block-3f8c_2 \"><\/div>\n<\/div>\n\n<div class=\"tpgb-container-col tpgb-block-658b_2 \" data-id=\"658b_2\"  ><\/div>\n<\/div>\n\n<div class=\"tpgb-empty-space tpgb-block-d1f6_2 \"><\/div>\n\n<div id=\"FAQ\" class=\"tpgb-container-row tpgb-block-92bc_2   .faq-question {   display: block;   margin-bottom: 10px;   padding: 10px;   background: #f5f5f5;   border: none;   width: 100%;   text-align: left;   cursor: pointer;   border-radius: 5px;   transition: all 0.3s ease; } .faq-question:hover {   background: #e0e0e0; } .faq-question.active {   background: black !important;   color: white !important; } alignwide   tpgb-container-wide \" data-id=\"92bc_2 \"   ><div class=\"tpgb-cont-in\">\n<div class=\"tpgb-container-col tpgb-block-04bf_2 \" data-id=\"04bf_2\"  >\n\n<div class=\"faq-container\">\n  <div class=\"faq-questions\">\n    <h2 class=\"faq-heading\">Fragen?<\/h2>\n    <button class=\"faq-question active\" data-answer=\"answer1\">K\u00f6nnen nur Kinder aus Kaufering an der Ferienbetreuung teilnehmen?<\/button>\n    <button class=\"faq-question\" data-answer=\"answer2\">Muss ich Mitglied im F\u00f6rderverein sein, um mein Kind anzumelden?<\/button>\n    <button class=\"faq-question\" data-answer=\"answer3\">Wer f\u00fchrt die Ferienbetreuung vor Ort durch?<\/button>\n    <button class=\"faq-question\" data-answer=\"answer4\">Welche Verpflegung gibt es?<\/button>\n    <button class=\"faq-question\" data-answer=\"answer5\">Was muss mein Kind mitbringen?<\/button>\n    <button class=\"faq-question\" data-answer=\"answer6\">Gibt es einen Rabatt f\u00fcr Geschwisterkinder?<\/button>\n    <button class=\"faq-question\" data-answer=\"answer7\">Kann ich die Betreuung auch an einzelnen Tagen buchen?<\/button>\n    <button class=\"faq-question\" data-answer=\"answer8\">Kann mein Kind auch schon vor 16 Uhr abgeholt werden?<\/button>\n    <button class=\"faq-question\" data-answer=\"answer9\">Kann mein Kind schon vor 08:00 Uhr betreut werden?<\/button>\n    <button class=\"faq-question\" data-answer=\"answer10\">Mein Kind ist noch keine 6 Jahre, startet aber im Sommer in die Schule?<\/button>\n    <button class=\"faq-question\" data-answer=\"answer11\">Wann und wie erreiche ich am besten jemanden in der Ferienbetreuung?<\/button>\n  <\/div>\n\n  <div class=\"faq-answers\">\n    <h2 class=\"faq-heading\">Antworten!<\/h2>\n    <div id=\"answer1\" class=\"faq-answer\" style=\"display: block;\">Nein, es werden auch die Kinder von Mitgliedern, die nicht in Kaufering wohnen, betreut.<\/div>\n    <div id=\"answer2\" class=\"faq-answer\">\n      Ja, dies ist aus Versicherungsgr\u00fcnden notwendig.<br>\n      Die Familienmitgliedschaft kostet aber nur 24,00 \u20ac pro Jahr.\n    <\/div>\n    <div id=\"answer3\" class=\"faq-answer\">Unsere Betreuer sind vor allem Lehramts- und P\u00e4dagogikstudenten, die alle schon vorab Erfahrung in der Betreuung von Kindern hatten.<\/div>\n    <div id=\"answer4\" class=\"faq-answer\">\n      Die Kinder erhalten ein warmes Mittagessen und Obst als Snack am Nachmittag.<br>\n      Zum Trinken gibt es Wasser, Fr\u00fcchtetee oder Saftschorle.\n    <\/div>\n    <div id=\"answer5\" class=\"faq-answer\">Hausschuhe, Hallenturnschuhe, Trinkflasche, evtl. eine kleine Brotzeit f\u00fcr Vormittags, bequeme Kleidung die dreckig werden darf.<\/div>\n    <div id=\"answer6\" class=\"faq-answer\">Ja, schreibt Sie uns gerne eine Email und wir erkl\u00e4ren alles \u00fcber den Geschwisterrabatt!<\/div>\n    <div id=\"answer7\" class=\"faq-answer\">\n      Das ist leider nicht m\u00f6glich, da wir sonst unsere Kosten (Lohnkosten f\u00fcr die Betreuer etc.) nicht decken k\u00f6nnen.<br>\n      Alternativ k\u00f6nnen Sie auch die ganze Woche buchen und Ihre Kinder nur an bestimmten Tagen bringen. Bitte teilen Sie uns die Tage vorher mit.\n    <\/div>\n    <div id=\"answer8\" class=\"faq-answer\">\n      Eine Abholung vor der ausgeschrieben Uhrzeit ist nur in absoluten Ausnahmef\u00e4llen um 13:00 Uhr m\u00f6glich.<br>\n      Grunds\u00e4tzlich ist unser Programm bis 16:00 Uhr bzw. 14:00 Uhr ausgelegt.\n    <\/div>\n    <div id=\"answer9\" class=\"faq-answer\">Nein, die Betreuung beginnt um 08:00 Uhr und die Zeit davor ben\u00f6tigen die Betreuer zur Vorbereitung.<\/div>\n    <div id=\"answer10\" class=\"faq-answer\">Eine Betreuung ist selbstverst\u00e4ndlich m\u00f6glich.<\/div>\n    <div id=\"answer11\" class=\"faq-answer\">\n      Wir haben keine festen B\u00fcrozeiten, da alle Vorstandmitglieder Vollzeit arbeiten und das Amt nur ehrenamtlich aus\u00fcben.<br>\n      Am besten per E-Mail: <a href=\"mailto:mail@ferienbetreuung-kaufering.de\">mail@ferienbetreuung-kaufering.de<\/a>\n    <\/div>\n  <\/div>\n<\/div>\n\n<\/div>\n<\/div><\/div>\n\n<div id=\"FAQs\" class=\"tpgb-container-row tpgb-block-68a7_2   .faq-question {   display: block;   margin-bottom: 10px;   padding: 10px;   background: #f5f5f5;   border: none;   width: 100%;   text-align: left;   cursor: pointer;   border-radius: 5px;   transition: all 0.3s ease; } .faq-question:hover {   background: #e0e0e0; } .faq-question.active {   background: black !important;   color: white !important; } alignfull   tpgb-container-wide \" data-id=\"68a7_2 \"   ><div class=\"tpgb-cont-in\">\n<div class=\"tpgb-container-col tpgb-block-d0af_2 \" data-id=\"d0af_2\"  >\n\n<div class=\"faq-container\">\n  <div class=\"faq-questions\">\n    <h2 class=\"faq-heading\">Fragen?<\/h2>\n\n    <div class=\"faq-item\">\n      <button class=\"faq-question\"><span>K\u00f6nnen nur Kinder aus Kaufering an der Ferienbetreuung teilnehmen?<\/span><span class=\"arrow\">\u27a4<\/span><\/button>\n      <div class=\"faq-answer\">Nein, es werden auch die Kinder von Mitgliedern, die nicht in Kaufering wohnen, betreut.<\/div>\n    <\/div>\n\n    <div class=\"faq-item\">\n      <button class=\"faq-question\"><span>Muss ich Mitglied im F\u00f6rderverein sein, um mein Kind anzumelden?<\/span><span class=\"arrow\">\u27a4<\/span><\/button>\n      <div class=\"faq-answer\">Ja, dies ist aus Versicherungsgr\u00fcnden notwendig. Die Familienmitgliedschaft kostet aber nur 24,00 \u20ac pro Jahr.<\/div>\n    <\/div>\n\n    <div class=\"faq-item\">\n      <button class=\"faq-question\"><span>Wer f\u00fchrt die Ferienbetreuung vor Ort durch?<\/span><span class=\"arrow\">\u27a4<\/span><\/button>\n      <div class=\"faq-answer\">Unsere Betreuer sind vor allem Lehramts- und P\u00e4dagogikstudenten, die alle schon vorab Erfahrung in der Betreuung von Kindern hatten.<\/div>\n    <\/div>\n\n    <div class=\"faq-item\">\n      <button class=\"faq-question\"><span>Welche Verpflegung gibt es?<\/span><span class=\"arrow\">\u27a4<\/span><\/button>\n      <div class=\"faq-answer\">Die Kinder erhalten ein warmes Mittagessen und Obst als Snack am Nachmittag. Zum Trinken gibt es Wasser, Fr\u00fcchtetee oder Saftschorle.<\/div>\n    <\/div>\n\n    <div class=\"faq-item\">\n      <button class=\"faq-question\"><span>Was muss mein Kind mitbringen?<\/span><span class=\"arrow\">\u27a4<\/span><\/button>\n      <div class=\"faq-answer\">Hausschuhe, Hallenturnschuhe, Trinkflasche, evtl. eine kleine Brotzeit f\u00fcr Vormittags, bequeme Kleidung die dreckig werden darf.<\/div>\n    <\/div>\n\n    <div class=\"faq-item\">\n      <button class=\"faq-question\"><span>Gibt es einen Rabatt f\u00fcr Geschwisterkinder?<\/span><span class=\"arrow\">\u27a4<\/span><\/button>\n      <div class=\"faq-answer\">Ja, schreibt Sie uns gerne eine Email und wir erkl\u00e4ren alles \u00fcber den Geschwisterrabatt!<\/div>\n    <\/div>\n\n    <div class=\"faq-item\">\n      <button class=\"faq-question\"><span>Kann ich die Betreuung auch an einzelnen Tagen buchen?<\/span><span class=\"arrow\">\u27a4<\/span><\/button>\n      <div class=\"faq-answer\">Das ist leider nicht m\u00f6glich, da wir sonst unsere Kosten (Lohnkosten f\u00fcr die Betreuer etc.) nicht decken k\u00f6nnen. Alternativ k\u00f6nnen Sie auch die ganze Woche buchen und Ihre Kinder nur an bestimmten Tagen bringen. Bitte teilen Sie uns die Tage vorher mit.<\/div>\n    <\/div>\n\n    <div class=\"faq-item\">\n      <button class=\"faq-question\"><span>Kann mein Kind auch schon vor 16 Uhr abgeholt werden?<\/span><span class=\"arrow\">\u27a4<\/span><\/button>\n      <div class=\"faq-answer\">Eine Abholung vor der ausgeschrieben Uhrzeit ist nur in absoluten Ausnahmef\u00e4llen um 13:00 Uhr m\u00f6glich. Grunds\u00e4tzlich ist unser Programm bis 16:00 Uhr bzw. 14:00 Uhr ausgelegt.<\/div>\n    <\/div>\n\n    <div class=\"faq-item\">\n      <button class=\"faq-question\"><span>Kann mein Kind schon vor 08:00 Uhr betreut werden?<\/span><span class=\"arrow\">\u27a4<\/span><\/button>\n      <div class=\"faq-answer\">Nein, die Betreuung beginnt um 08:00 Uhr und die Zeit davor ben\u00f6tigen die Betreuer zur Vorbereitung.<\/div>\n    <\/div>\n\n    <div class=\"faq-item\">\n      <button class=\"faq-question\"><span>Mein Kind ist noch keine 6 Jahre, startet aber im Sommer in die Schule?<\/span><span class=\"arrow\">\u27a4<\/span><\/button>\n      <div class=\"faq-answer\">Eine Betreuung ist selbstverst\u00e4ndlich m\u00f6glich.<\/div>\n    <\/div>\n\n    <div class=\"faq-item\">\n      <button class=\"faq-question\"><span>Wann und wie erreiche ich am besten jemanden in der Ferienbetreuung?<\/span><span class=\"arrow\">\u27a4<\/span><\/button>\n      <div class=\"faq-answer\">Wir haben keine festen B\u00fcrozeiten, da alle Vorstandmitglieder Vollzeit arbeiten und das Amt nur ehrenamtlich aus\u00fcben. Am besten per E-Mail: <a href=\"mailto:mail@ferienbetreuung-kaufering.de\">mail@ferienbetreuung-kaufering.de<\/a><\/div>\n    <\/div>\n\n  <\/div>\n<\/div>\n\n<\/div>\n<\/div><\/div>\n\n<div  class=\"tpgb-container-row tpgb-block-ba5a_2    alignwide   tpgb-container-wide \" data-id=\"ba5a_2 \"   ><div class=\"tpgb-cont-in\">\n<div class=\"tpgb-container-col tpgb-block-dc08_2 \" data-id=\"dc08_2\"  >\n\n<span class=\"wp-block-tpgb-tp-heading tp-core-heading tpgb-block-1602_2  wp-block-heading\">Sie m\u00f6chten uns Unterst\u00fczen? <\/span>\n\n\n<div class=\"tpgb-empty-space tpgb-block-34da_2 \"><\/div>\n\n\n<div class=\"wp-block-tpgb-tp-button-core tp-button-core tpgb-block-ec6d_2\"><a href=\"mailto:mail@ferienbetreuung-kaufering.de\" target=\"_self\" rel=\"follow noopener\" class=\"tpgb-btn-link\"><span class=\"tpgb-btn-wrap\"><span class=\"tpgb-btn-icon-wrap\"><img decoding=\"async\" class=\"tpgb-btn-icon wp-image-137\" src=\"http:\/\/ferienbetreuung-kaufering.de\/wp-content\/uploads\/2025\/03\/e2ba686722c73825b0ebf0467bcc7543-1.svg\" alt=\"click here\"\/><\/span><span class=\"tpgb-btn-txt\">Helfen Sie uns als Betreuer   <\/span><\/span><\/a><\/div>\n\n\n<div class=\"tpgb-empty-space tpgb-block-3910_2 \"><\/div>\n\n\t\t\t\t\t<div\n\t\t\t\t\t\tclass=\"wp-block-uagb-image-gallery uagb-block-d204b82d    uag-hide-mob \"\n\t\t\t\t\t\tstyle=\"\"\n\t\t\t\t\t>\n\t\t\t\t\t\t\t\t\t\t\t<div class=\"spectra-image-gallery spectra-image-gallery__layout--grid spectra-image-gallery__layout--grid-col-3 spectra-image-gallery__layout--grid-col-tab-3 spectra-image-gallery__layout--grid-col-mob-3\">\n\t\t\t\t\t\t\t\t\t\t\t<div class='spectra-image-gallery__media-wrapper' data-spectra-gallery-image-id='25' tabindex=\"0\">\n\t\t\t\t\t\t\t<div class=\"spectra-image-gallery__media spectra-image-gallery__media--grid\">\n\t\t\t\t<picture>\n\t\t\t\t\t<source media=\"(min-width: 1024px)\" srcset=\"http:\/\/ferienbetreuung-kaufering.de\/wp-content\/uploads\/2025\/03\/fc75fc45c1cc8fec00362f56789d6231.svg\">\n\t\t\t\t\t<source media=\"(min-width: 768px)\" srcset=\"http:\/\/ferienbetreuung-kaufering.de\/wp-content\/uploads\/2025\/03\/fc75fc45c1cc8fec00362f56789d6231.svg\">\n\t\t\t\t\t<img decoding=\"async\" class=\"spectra-image-gallery__media-thumbnail spectra-image-gallery__media-thumbnail--grid\" src=\"http:\/\/ferienbetreuung-kaufering.de\/wp-content\/uploads\/2025\/03\/fc75fc45c1cc8fec00362f56789d6231.svg\" alt=\"\" loading=\"lazy\" \/>\n\t\t\t\t<\/picture>\n\t\t\t\t<div class=\"spectra-image-gallery__media-thumbnail-blurrer\"><\/div>\n\t\t\t\t\t\t\t\t\t\t\t<div class=\"spectra-image-gallery__media-thumbnail-caption-wrapper spectra-image-gallery__media-thumbnail-caption-wrapper--overlay\"><\/div>\n\t\t\t\t\t\t\t\t<\/div>\n\t\t\t\t\t\t<\/div>\n\t\t\t\t\t\t<div class='spectra-image-gallery__media-wrapper' data-spectra-gallery-image-id='26' tabindex=\"0\">\n\t\t\t\t\t\t\t<div class=\"spectra-image-gallery__media spectra-image-gallery__media--grid\">\n\t\t\t\t<picture>\n\t\t\t\t\t<source media=\"(min-width: 1024px)\" srcset=\"http:\/\/ferienbetreuung-kaufering.de\/wp-content\/uploads\/2025\/03\/2737b00261eb7f77561ac610fa0950a4.svg\">\n\t\t\t\t\t<source media=\"(min-width: 768px)\" srcset=\"http:\/\/ferienbetreuung-kaufering.de\/wp-content\/uploads\/2025\/03\/2737b00261eb7f77561ac610fa0950a4.svg\">\n\t\t\t\t\t<img decoding=\"async\" class=\"spectra-image-gallery__media-thumbnail spectra-image-gallery__media-thumbnail--grid\" src=\"http:\/\/ferienbetreuung-kaufering.de\/wp-content\/uploads\/2025\/03\/2737b00261eb7f77561ac610fa0950a4.svg\" alt=\"\" loading=\"lazy\" \/>\n\t\t\t\t<\/picture>\n\t\t\t\t<div class=\"spectra-image-gallery__media-thumbnail-blurrer\"><\/div>\n\t\t\t\t\t\t\t\t\t\t\t<div class=\"spectra-image-gallery__media-thumbnail-caption-wrapper spectra-image-gallery__media-thumbnail-caption-wrapper--overlay\"><\/div>\n\t\t\t\t\t\t\t\t<\/div>\n\t\t\t\t\t\t<\/div>\n\t\t\t\t\t\t<div class='spectra-image-gallery__media-wrapper' data-spectra-gallery-image-id='24' tabindex=\"0\">\n\t\t\t\t\t\t\t<div class=\"spectra-image-gallery__media spectra-image-gallery__media--grid\">\n\t\t\t\t<picture>\n\t\t\t\t\t<source media=\"(min-width: 1024px)\" srcset=\"http:\/\/ferienbetreuung-kaufering.de\/wp-content\/uploads\/2025\/03\/42a706cba9dfc00e015eac2f8361cea3.svg\">\n\t\t\t\t\t<source media=\"(min-width: 768px)\" srcset=\"http:\/\/ferienbetreuung-kaufering.de\/wp-content\/uploads\/2025\/03\/42a706cba9dfc00e015eac2f8361cea3.svg\">\n\t\t\t\t\t<img decoding=\"async\" class=\"spectra-image-gallery__media-thumbnail spectra-image-gallery__media-thumbnail--grid\" src=\"http:\/\/ferienbetreuung-kaufering.de\/wp-content\/uploads\/2025\/03\/42a706cba9dfc00e015eac2f8361cea3.svg\" alt=\"\" loading=\"lazy\" \/>\n\t\t\t\t<\/picture>\n\t\t\t\t<div class=\"spectra-image-gallery__media-thumbnail-blurrer\"><\/div>\n\t\t\t\t\t\t\t\t\t\t\t<div class=\"spectra-image-gallery__media-thumbnail-caption-wrapper spectra-image-gallery__media-thumbnail-caption-wrapper--overlay\"><\/div>\n\t\t\t\t\t\t\t\t<\/div>\n\t\t\t\t\t\t<\/div>\n\t\t\t\t\t\t\t\t\t\t<\/div>\n\t\t\t\t\t\t\t\t\t\t\t\t\t\t\t\t\t\t<\/div>\n\t\t\t\t\t\t\t\t\t\n\n<div  class=\"tpgb-heading-title tpgb-relative-block heading_style tpgb-block-9986_2  heading-style-1\"><div class=\"sub-style\"><div class=\"head-title \"><h3 class=\"heading-title\">Vorstandschaft Ferienbetreuung Kaufering<\/h3><\/div><div class=\"sub-heading \"><h3 class=\"heading-sub-title\">v.o.n.u:\u00a0<br>Nadine Beckenbauer, Barbara Berger und Anna-Lena Wagler<\/h3><\/div><\/div><\/div>\n<\/div>\n\n<div class=\"tpgb-container-col tpgb-block-d4c2_2 \" data-id=\"d4c2_2\"  >\n<div  class=\"tpgb-heading-title tpgb-relative-block heading_style tpgb-block-cca0_2  heading-style-1\"><div class=\"sub-style\"><div class=\"head-title \"><h3 class=\"heading-title\">Vorstandschaft Ferienbetreuung <br>Kaufering<\/h3><\/div><\/div><\/div>\n\n\n<div class=\"wp-block-tpgb-tp-image tpgb-image tpgb-block-8da4_2\"><figure class=\"tpgb-figure\"><img decoding=\"async\" width=\"316\" height=\"325\" src=\"http:\/\/ferienbetreuung-kaufering.de\/wp-content\/uploads\/2026\/03\/Nadine-Beckenbauer-.png\" alt=\"\" class=\"tpgb-img-inner wp-image-1351\" loading=\"lazy\" srcset=\"http:\/\/ferienbetreuung-kaufering.de\/wp-content\/uploads\/2026\/03\/Nadine-Beckenbauer-.png 316w, http:\/\/ferienbetreuung-kaufering.de\/wp-content\/uploads\/2026\/03\/Nadine-Beckenbauer--292x300.png 292w\" sizes=\"auto, (max-width: 316px) 100vw, 316px\" \/><\/figure><\/div>\n\n\n<div  class=\"tpgb-heading-title tpgb-relative-block heading_style tpgb-block-f7f1_2  heading-style-1\"><div class=\"sub-style\"><div class=\"sub-heading \"><h3 class=\"heading-sub-title\">Nadine Beckenbauer<\/h3><\/div><\/div><\/div>\n\n\n<div class=\"wp-block-tpgb-tp-image tpgb-image tpgb-block-3cf2_2\"><figure class=\"tpgb-figure\"><img decoding=\"async\" width=\"316\" height=\"325\" src=\"http:\/\/ferienbetreuung-kaufering.de\/wp-content\/uploads\/2026\/03\/Barbara-Berger-.png\" alt=\"\" class=\"tpgb-img-inner wp-image-1352\" loading=\"lazy\" srcset=\"http:\/\/ferienbetreuung-kaufering.de\/wp-content\/uploads\/2026\/03\/Barbara-Berger-.png 316w, http:\/\/ferienbetreuung-kaufering.de\/wp-content\/uploads\/2026\/03\/Barbara-Berger--292x300.png 292w\" sizes=\"auto, (max-width: 316px) 100vw, 316px\" \/><\/figure><\/div>\n\n\n<div  class=\"tpgb-heading-title tpgb-relative-block heading_style tpgb-block-5f42_2  heading-style-1\"><div class=\"sub-style\"><div class=\"sub-heading \"><h3 class=\"heading-sub-title\">Barbara Berger<\/h3><\/div><\/div><\/div>\n\n\n<div class=\"wp-block-tpgb-tp-image tpgb-image tpgb-block-73de_2\"><figure class=\"tpgb-figure\"><img decoding=\"async\" width=\"316\" height=\"324\" src=\"http:\/\/ferienbetreuung-kaufering.de\/wp-content\/uploads\/2026\/03\/Anna-Lena-Wagler-.png\" alt=\"\" class=\"tpgb-img-inner wp-image-1353\" loading=\"lazy\" srcset=\"http:\/\/ferienbetreuung-kaufering.de\/wp-content\/uploads\/2026\/03\/Anna-Lena-Wagler-.png 316w, http:\/\/ferienbetreuung-kaufering.de\/wp-content\/uploads\/2026\/03\/Anna-Lena-Wagler--293x300.png 293w\" sizes=\"auto, (max-width: 316px) 100vw, 316px\" \/><\/figure><\/div>\n\n\n<div  class=\"tpgb-heading-title tpgb-relative-block heading_style tpgb-block-39c9_2  heading-style-1\"><div class=\"sub-style\"><div class=\"sub-heading \"><h3 class=\"heading-sub-title\">Anna-Lena Wagler<\/h3><\/div><\/div><\/div>\n<\/div>\n<\/div><\/div>\n\n<div class=\"tpgb-empty-space tpgb-block-9158_2 \"><\/div>\n\n<div  class=\"tpgb-container-row tpgb-block-f0ab_2    alignfull   tpgb-container-full \" data-id=\"f0ab_2 \"   >\n<div class=\"tpgb-container-col tpgb-block-990e_2 \" data-id=\"990e_2\"  >\n\n<span class=\"wp-block-tpgb-tp-heading tp-core-heading tpgb-block-125e_2  wp-block-heading\">Sie m\u00f6chten uns Unterst\u00fczen? <\/span>\n\n\n<div class=\"tpgb-empty-space tpgb-block-974b_2 \"><\/div>\n\n\n<div class=\"wp-block-tpgb-tp-button-core tp-button-core tpgb-block-6e47_2\"><a href=\"mailto:mail@ferienbetreuung-kaufering.de\" target=\"_self\" rel=\"follow noopener\" class=\"tpgb-btn-link\"><span class=\"tpgb-btn-wrap\"><span class=\"tpgb-btn-icon-wrap\"><img decoding=\"async\" class=\"tpgb-btn-icon wp-image-137\" src=\"http:\/\/ferienbetreuung-kaufering.de\/wp-content\/uploads\/2025\/03\/e2ba686722c73825b0ebf0467bcc7543-1.svg\" alt=\"click here\"\/><\/span><span class=\"tpgb-btn-txt\">Helfen Sie uns als Betreuer   <\/span><\/span><\/a><\/div>\n\n\n<div class=\"tpgb-empty-space tpgb-block-3ca5_2 \"><\/div>\n\n\n<div class=\"wp-block-tpgb-tp-image tpgb-image tpgb-block-616d_2\"><figure class=\"tpgb-figure\"><img decoding=\"async\" src=\"http:\/\/ferienbetreuung-kaufering.de\/wp-content\/uploads\/2025\/06\/Frame-10.svg\" alt=\"\" class=\"tpgb-img-inner wp-image-1015\" loading=\"lazy\"\/><\/figure><\/div>\n\n<\/div>\n\n<div class=\"tpgb-container-col tpgb-block-d663_2 \" data-id=\"d663_2\"  >\n\n<span class=\"wp-block-tpgb-tp-heading tp-core-heading tpgb-block-f916_2  wp-block-heading\">Vorstandschaft Ferienbetreuung <br>Kaufering<\/span>\n\n\n\n<div class=\"wp-block-tpgb-tp-image tpgb-image tpgb-block-195e_2\"><figure class=\"tpgb-figure\"><img decoding=\"async\" width=\"538\" height=\"955\" src=\"http:\/\/ferienbetreuung-kaufering.de\/wp-content\/uploads\/2026\/03\/Frame-6-1.png\" alt=\"\" class=\"tpgb-img-inner wp-image-1361\" loading=\"lazy\" srcset=\"http:\/\/ferienbetreuung-kaufering.de\/wp-content\/uploads\/2026\/03\/Frame-6-1.png 538w, http:\/\/ferienbetreuung-kaufering.de\/wp-content\/uploads\/2026\/03\/Frame-6-1-169x300.png 169w\" sizes=\"auto, (max-width: 538px) 100vw, 538px\" \/><\/figure><\/div>\n\n\n<div class=\"tpgb-empty-space tpgb-block-41c1_2 \"><\/div>\n<\/div>\n<\/div>\n\n\n<script>\n  document.addEventListener(\"DOMContentLoaded\", function () {\n    document.querySelectorAll(\".faq-question\").forEach(button => {\n      button.addEventListener(\"click\", () => {\n        \/\/ Aktiven Zustand setzen\n        document.querySelectorAll(\".faq-question\").forEach(btn => btn.classList.remove(\"active\"));\n        button.classList.add(\"active\");\n\n        const answerId = button.getAttribute(\"data-answer\");\n\n        \/\/ Alle Antworten ausblenden\n        document.querySelectorAll(\".faq-answer\").forEach(answer => {\n          answer.style.display = \"none\";\n        });\n\n        \/\/ Die aktuelle Antwort einblenden\n        document.getElementById(answerId).style.display = \"block\";\n      });\n    });\n  });\n<\/script>\n\n\n\n<script>\n  document.addEventListener(\"DOMContentLoaded\", function() {\n    \/\/ Alle Fragen ausw\u00e4hlen\n    const faqQuestions = document.querySelectorAll('.faq-question');\n\n    faqQuestions.forEach((question, index) => {\n      question.addEventListener('click', function() {\n        \/\/ Hole die Antwort, die der Frage entspricht, basierend auf der Position (index)\n        const answer = this.nextElementSibling;\n\n        \/\/ Wenn die Antwort sichtbar ist, verstecke sie; andernfalls zeige sie an\n        if (answer.style.display === 'block') {\n          answer.style.display = 'none'; \/\/ Antwort ausblenden\n          this.classList.remove('active'); \/\/ Entferne die aktive Klasse\n        } else {\n          answer.style.display = 'block'; \/\/ Antwort einblenden\n          this.classList.add('active'); \/\/ F\u00fcge die aktive Klasse hinzu\n        }\n      });\n    });\n  });\n<\/script>\n\n\n\n<footer class=\"wp-block-group alignfull mobile-footer has-background uag-hide-desktop uag-hide-tab has-global-padding is-layout-constrained wp-block-group-is-layout-constrained\" style=\"background-color:#0c513f;padding-top:var(--wp--preset--spacing--60);padding-bottom:var(--wp--preset--spacing--50)\">\n<div class=\"wp-block-group alignwide is-layout-flow wp-block-group-is-layout-flow\">\n<div class=\"wp-block-group alignfull is-content-justification-space-between is-layout-flex wp-container-core-group-is-layout-e5edad21 wp-block-group-is-layout-flex\">\n<div class=\"wp-block-columns is-layout-flex wp-container-core-columns-is-layout-28f84493 wp-block-columns-is-layout-flex\">\n<div class=\"wp-block-column is-layout-flow wp-block-column-is-layout-flow\" style=\"flex-basis:100%\">\n<p class=\"has-base-color has-text-color has-link-color wp-elements-4a55986a5c1bfcadb191bc9b08bd9b19\" style=\"font-size:clamp(0.984rem, 0.984rem + ((1vw - 0.2rem) * 0.809), 1.5rem);font-style:normal;font-weight:300\">FERIENBETREUUNG KAUFERING<\/p>\n\n\n<div class=\"tpgb-empty-space tpgb-block-ed73_2 \"><\/div>\n\n\n<p class=\"has-text-color has-link-color has-medium-font-size wp-elements-eb6d6596261d69d64ea59c1fd43f723f\" style=\"color:#bcbcbc\"><a href=\"#Termine\">Termine<\/a><\/p>\n\n\n\n<p class=\"has-text-color has-link-color has-medium-font-size wp-elements-d7d09bc2d29f8cfce5cfd8164a60b7b9\" style=\"color:#bcbcbc\"><a href=\"http:\/\/ferienbetreuung-kaufering.de\/wp-content\/uploads\/2025\/05\/Satzung_Stand07052021-1.pdf\" target=\"_blank\" rel=\"noreferrer noopener\">Satzung<\/a><\/p>\n\n\n<div class=\"tpgb-empty-space tpgb-block-60df_2 \"><\/div>\n\n\n<div class=\"wp-block-group is-nowrap is-layout-flex wp-container-core-group-is-layout-6c531013 wp-block-group-is-layout-flex\">\n<div class=\"wp-block-tpgb-tp-image tpgb-image tpgb-block-85dc_2\"><figure class=\"tpgb-figure\"><a href=\"https:\/\/instagram.com\/ferienbetreuung_kaufering\/\" target=\"_blank\" rel=\"follow noopener\"><img decoding=\"async\" src=\"http:\/\/ferienbetreuung-kaufering.de\/wp-content\/uploads\/2025\/03\/5081d3d100a4c52f4c4b5700a537d22a.svg\" alt=\"\" class=\"tpgb-img-inner wp-image-6\" loading=\"lazy\"\/><\/a><\/figure><\/div>\n\n\n\n<div class=\"wp-block-tpgb-tp-image tpgb-image tpgb-block-4a5f_2\"><figure class=\"tpgb-figure\"><a href=\"https:\/\/instagram.com\/ferienbetreuung_kaufering\/\" target=\"_blank\" rel=\"follow noopener\"><img decoding=\"async\" src=\"http:\/\/ferienbetreuung-kaufering.de\/wp-content\/uploads\/2025\/03\/16bd05cebff0cda767a451379c030a63-1.svg\" alt=\"\" class=\"tpgb-img-inner wp-image-132\" loading=\"lazy\"\/><\/a><\/figure><\/div>\n\n\n\n<ul class=\"wp-block-social-links is-style-default is-layout-flex wp-container-core-social-links-is-layout-e7219c75 wp-block-social-links-is-layout-flex\"><li class=\"wp-social-link wp-social-link-mail  wp-block-social-link\"><a rel=\"noopener nofollow\" target=\"_blank\" href=\"mailto:&#109;&#097;&#105;&#108;&#064;f&#101;&#114;&#105;e&#110;&#098;e&#116;&#114;&#101;uu&#110;g-k&#097;&#117;&#102;&#101;&#114;&#105;&#110;&#103;.d&#101;\" class=\"wp-block-social-link-anchor\"><svg width=\"24\" height=\"24\" viewBox=\"0 0 24 24\" version=\"1.1\" xmlns=\"http:\/\/www.w3.org\/2000\/svg\" aria-hidden=\"true\" focusable=\"false\"><path d=\"M19,5H5c-1.1,0-2,.9-2,2v10c0,1.1.9,2,2,2h14c1.1,0,2-.9,2-2V7c0-1.1-.9-2-2-2zm.5,12c0,.3-.2.5-.5.5H5c-.3,0-.5-.2-.5-.5V9.8l7.5,5.6,7.5-5.6V17zm0-9.1L12,13.6,4.5,7.9V7c0-.3.2-.5.5-.5h14c.3,0,.5.2.5.5v.9z\"><\/path><\/svg><span class=\"wp-block-social-link-label screen-reader-text\">mail@ferienbetreuung-kaufering.de<\/span><\/a><\/li><\/ul>\n<\/div>\n\n\n<div class=\"tpgb-empty-space tpgb-block-ce1f_2 \"><\/div><\/div>\n<\/div>\n\n\n<nav style=\"color: #bcbcbc;\" class=\"has-text-color items-justified-right no-wrap wp-block-navigation is-horizontal is-content-justification-right is-nowrap is-layout-flex wp-container-core-navigation-is-layout-ff7ff3df wp-block-navigation-is-layout-flex\" aria-label=\"Footer-Navigation 2\"><ul style=\"color: #bcbcbc;\" class=\"wp-block-navigation__container has-text-color items-justified-right no-wrap wp-block-navigation\"><li class=\" wp-block-navigation-item wp-block-navigation-link\"><a class=\"wp-block-navigation-item__content\"  href=\"http:\/\/ferienbetreuung-kaufering.de\/index.php\/datenschutzerklaerung\/\"><span class=\"wp-block-navigation-item__label\">Datenschutz<\/span><\/a><\/li><li class=\" wp-block-navigation-item wp-block-navigation-link\"><a class=\"wp-block-navigation-item__content\"  href=\"http:\/\/ferienbetreuung-kaufering.de\/index.php\/impressum\/\"><span class=\"wp-block-navigation-item__label\">Impressum<\/span><\/a><\/li><\/ul><\/nav><\/div>\n<\/div>\n<\/footer>\n","protected":false},"excerpt":{"rendered":"<p>Fixiertes Top-Men\u00fc Termine Impressionen FAQs FERIENBETREUUNG KAUFERING Termine Satzung<\/p>\n","protected":false},"author":1,"featured_media":0,"parent":0,"menu_order":0,"comment_status":"closed","ping_status":"closed","template":"","meta":{"tpgb_global_settings":"","_uag_custom_page_level_css":".page-id-123 .entry-title {\n  display: none;\n}","footnotes":""},"class_list":["post-2","page","type-page","status-publish","hentry"],"yoast_head":"<!-- This site is optimized with the Yoast SEO plugin v26.8 - https:\/\/yoast.com\/product\/yoast-seo-wordpress\/ -->\n<title>- Ferienbetreuung Kaufering<\/title>\n<meta name=\"robots\" content=\"index, follow, max-snippet:-1, max-image-preview:large, max-video-preview:-1\" \/>\n<link rel=\"canonical\" href=\"http:\/\/ferienbetreuung-kaufering.de\/\" \/>\n<meta property=\"og:locale\" content=\"de_DE\" \/>\n<meta property=\"og:type\" content=\"article\" \/>\n<meta property=\"og:title\" content=\"- Ferienbetreuung Kaufering\" \/>\n<meta property=\"og:description\" content=\"Fixiertes Top-Men\u00fc Termine Impressionen FAQs FERIENBETREUUNG KAUFERING Termine Satzung\" \/>\n<meta property=\"og:url\" content=\"http:\/\/ferienbetreuung-kaufering.de\/\" \/>\n<meta property=\"og:site_name\" content=\"Ferienbetreuung Kaufering\" \/>\n<meta property=\"article:modified_time\" content=\"2026-03-21T12:40:02+00:00\" \/>\n<meta property=\"og:image\" content=\"http:\/\/ferienbetreuung-kaufering.de\/wp-content\/uploads\/2025\/04\/897f6e4c5f10326f60bbff0b8cab3af7-1.png\" \/>\n\t<meta property=\"og:image:width\" content=\"615\" \/>\n\t<meta property=\"og:image:height\" content=\"93\" \/>\n\t<meta property=\"og:image:type\" content=\"image\/png\" \/>\n<meta name=\"twitter:card\" content=\"summary_large_image\" \/>\n<meta name=\"twitter:label1\" content=\"Gesch\u00e4tzte Lesezeit\" \/>\n\t<meta name=\"twitter:data1\" content=\"13\u00a0Minuten\" \/>\n<script type=\"application\/ld+json\" class=\"yoast-schema-graph\">{\"@context\":\"https:\/\/schema.org\",\"@graph\":[{\"@type\":\"WebPage\",\"@id\":\"http:\/\/ferienbetreuung-kaufering.de\/\",\"url\":\"http:\/\/ferienbetreuung-kaufering.de\/\",\"name\":\"- Ferienbetreuung Kaufering\",\"isPartOf\":{\"@id\":\"http:\/\/ferienbetreuung-kaufering.de\/#website\"},\"primaryImageOfPage\":{\"@id\":\"http:\/\/ferienbetreuung-kaufering.de\/#primaryimage\"},\"image\":{\"@id\":\"http:\/\/ferienbetreuung-kaufering.de\/#primaryimage\"},\"thumbnailUrl\":\"http:\/\/ferienbetreuung-kaufering.de\/wp-content\/uploads\/2025\/04\/897f6e4c5f10326f60bbff0b8cab3af7-1.png\",\"datePublished\":\"2025-03-30T21:44:53+00:00\",\"dateModified\":\"2026-03-21T12:40:02+00:00\",\"inLanguage\":\"de\",\"potentialAction\":[{\"@type\":\"ReadAction\",\"target\":[\"http:\/\/ferienbetreuung-kaufering.de\/\"]}]},{\"@type\":\"ImageObject\",\"inLanguage\":\"de\",\"@id\":\"http:\/\/ferienbetreuung-kaufering.de\/#primaryimage\",\"url\":\"http:\/\/ferienbetreuung-kaufering.de\/wp-content\/uploads\/2025\/04\/897f6e4c5f10326f60bbff0b8cab3af7-1.png\",\"contentUrl\":\"http:\/\/ferienbetreuung-kaufering.de\/wp-content\/uploads\/2025\/04\/897f6e4c5f10326f60bbff0b8cab3af7-1.png\",\"width\":615,\"height\":93},{\"@type\":\"WebSite\",\"@id\":\"http:\/\/ferienbetreuung-kaufering.de\/#website\",\"url\":\"http:\/\/ferienbetreuung-kaufering.de\/\",\"name\":\"Ferienbetreuung Kaufering\",\"description\":\"\",\"potentialAction\":[{\"@type\":\"SearchAction\",\"target\":{\"@type\":\"EntryPoint\",\"urlTemplate\":\"http:\/\/ferienbetreuung-kaufering.de\/?s={search_term_string}\"},\"query-input\":{\"@type\":\"PropertyValueSpecification\",\"valueRequired\":true,\"valueName\":\"search_term_string\"}}],\"inLanguage\":\"de\"}]}<\/script>\n<!-- \/ Yoast SEO plugin. -->","yoast_head_json":{"title":"- Ferienbetreuung Kaufering","robots":{"index":"index","follow":"follow","max-snippet":"max-snippet:-1","max-image-preview":"max-image-preview:large","max-video-preview":"max-video-preview:-1"},"canonical":"http:\/\/ferienbetreuung-kaufering.de\/","og_locale":"de_DE","og_type":"article","og_title":"- Ferienbetreuung Kaufering","og_description":"Fixiertes Top-Men\u00fc Termine Impressionen FAQs FERIENBETREUUNG KAUFERING Termine Satzung","og_url":"http:\/\/ferienbetreuung-kaufering.de\/","og_site_name":"Ferienbetreuung Kaufering","article_modified_time":"2026-03-21T12:40:02+00:00","og_image":[{"width":615,"height":93,"url":"http:\/\/ferienbetreuung-kaufering.de\/wp-content\/uploads\/2025\/04\/897f6e4c5f10326f60bbff0b8cab3af7-1.png","type":"image\/png"}],"twitter_card":"summary_large_image","twitter_misc":{"Gesch\u00e4tzte Lesezeit":"13\u00a0Minuten"},"schema":{"@context":"https:\/\/schema.org","@graph":[{"@type":"WebPage","@id":"http:\/\/ferienbetreuung-kaufering.de\/","url":"http:\/\/ferienbetreuung-kaufering.de\/","name":"- Ferienbetreuung Kaufering","isPartOf":{"@id":"http:\/\/ferienbetreuung-kaufering.de\/#website"},"primaryImageOfPage":{"@id":"http:\/\/ferienbetreuung-kaufering.de\/#primaryimage"},"image":{"@id":"http:\/\/ferienbetreuung-kaufering.de\/#primaryimage"},"thumbnailUrl":"http:\/\/ferienbetreuung-kaufering.de\/wp-content\/uploads\/2025\/04\/897f6e4c5f10326f60bbff0b8cab3af7-1.png","datePublished":"2025-03-30T21:44:53+00:00","dateModified":"2026-03-21T12:40:02+00:00","inLanguage":"de","potentialAction":[{"@type":"ReadAction","target":["http:\/\/ferienbetreuung-kaufering.de\/"]}]},{"@type":"ImageObject","inLanguage":"de","@id":"http:\/\/ferienbetreuung-kaufering.de\/#primaryimage","url":"http:\/\/ferienbetreuung-kaufering.de\/wp-content\/uploads\/2025\/04\/897f6e4c5f10326f60bbff0b8cab3af7-1.png","contentUrl":"http:\/\/ferienbetreuung-kaufering.de\/wp-content\/uploads\/2025\/04\/897f6e4c5f10326f60bbff0b8cab3af7-1.png","width":615,"height":93},{"@type":"WebSite","@id":"http:\/\/ferienbetreuung-kaufering.de\/#website","url":"http:\/\/ferienbetreuung-kaufering.de\/","name":"Ferienbetreuung Kaufering","description":"","potentialAction":[{"@type":"SearchAction","target":{"@type":"EntryPoint","urlTemplate":"http:\/\/ferienbetreuung-kaufering.de\/?s={search_term_string}"},"query-input":{"@type":"PropertyValueSpecification","valueRequired":true,"valueName":"search_term_string"}}],"inLanguage":"de"}]}},"tpgb_featured_images":null,"tpgb_post_meta_info":{"get_date":"30. M\u00e4rz 2025","get_modified_date":"21. M\u00e4rz 2026","author_name":"admin","author_url":"http:\/\/ferienbetreuung-kaufering.de\/index.php\/author\/admin\/","author_email":"wordpress@brutulian.com","author_website":"http:\/\/ferienbetreuung-kaufering.de","author_description":"","author_facebook":"","author_twitter":"","author_instagram":"","author_role":["administrator"],"author_firstname":"","author_lastname":"","user_login":"admin","author_avatar":"<img alt='' src='https:\/\/secure.gravatar.com\/avatar\/2d38a8d035bf31a76396490e50d0a19c4a1be0cd9f900aa4c9757ce68898f590?s=200&#038;d=mm&#038;r=g' srcset='https:\/\/secure.gravatar.com\/avatar\/2d38a8d035bf31a76396490e50d0a19c4a1be0cd9f900aa4c9757ce68898f590?s=400&#038;d=mm&#038;r=g 2x' class='avatar avatar-200 photo' height='200' width='200' loading='lazy' decoding='async'\/>","author_avatar_url":"https:\/\/secure.gravatar.com\/avatar\/2d38a8d035bf31a76396490e50d0a19c4a1be0cd9f900aa4c9757ce68898f590?s=96&d=mm&r=g","comment_count":0,"post_likes":0,"post_views":0},"tpgb_post_category":[],"uagb_featured_image_src":{"full":false,"thumbnail":false,"medium":false,"medium_large":false,"large":false,"1536x1536":false,"2048x2048":false,"tp-image-grid":false},"uagb_author_info":{"display_name":"admin","author_link":"http:\/\/ferienbetreuung-kaufering.de\/index.php\/author\/admin\/"},"uagb_comment_info":0,"uagb_excerpt":"Fixiertes Top-Men\u00fc Termine Impressionen FAQs FERIENBETREUUNG KAUFERING Termine Satzung","_links":{"self":[{"href":"http:\/\/ferienbetreuung-kaufering.de\/index.php\/wp-json\/wp\/v2\/pages\/2","targetHints":{"allow":["GET"]}}],"collection":[{"href":"http:\/\/ferienbetreuung-kaufering.de\/index.php\/wp-json\/wp\/v2\/pages"}],"about":[{"href":"http:\/\/ferienbetreuung-kaufering.de\/index.php\/wp-json\/wp\/v2\/types\/page"}],"author":[{"embeddable":true,"href":"http:\/\/ferienbetreuung-kaufering.de\/index.php\/wp-json\/wp\/v2\/users\/1"}],"replies":[{"embeddable":true,"href":"http:\/\/ferienbetreuung-kaufering.de\/index.php\/wp-json\/wp\/v2\/comments?post=2"}],"version-history":[{"count":811,"href":"http:\/\/ferienbetreuung-kaufering.de\/index.php\/wp-json\/wp\/v2\/pages\/2\/revisions"}],"predecessor-version":[{"id":1374,"href":"http:\/\/ferienbetreuung-kaufering.de\/index.php\/wp-json\/wp\/v2\/pages\/2\/revisions\/1374"}],"wp:attachment":[{"href":"http:\/\/ferienbetreuung-kaufering.de\/index.php\/wp-json\/wp\/v2\/media?parent=2"}],"curies":[{"name":"wp","href":"https:\/\/api.w.org\/{rel}","templated":true}]}}