{"id":1182,"date":"2025-06-23T23:08:41","date_gmt":"2025-06-23T21:08:41","guid":{"rendered":"http:\/\/ferienbetreuung-kaufering.de\/?page_id=1182"},"modified":"2026-01-29T21:53:54","modified_gmt":"2026-01-29T20:53:54","slug":"impressum","status":"publish","type":"page","link":"http:\/\/ferienbetreuung-kaufering.de\/index.php\/impressum\/","title":{"rendered":"Impressum"},"content":{"rendered":"\n<!DOCTYPE html>\r\n<html lang=\"de\">\r\n<head>\r\n  <meta charset=\"UTF-8\">\r\n  <meta name=\"viewport\" content=\"width=device-width, initial-scale=1.0\">\r\n  <title>Fixiertes Top-Men\u00fc<\/title>\r\n  <link href=\"https:\/\/fonts.googleapis.com\/css2?family=Plus+Jakarta+Sans:wght@400;500&#038;display=swap\" rel=\"stylesheet\">\r\n  <style>\r\n    html {\r\n      scroll-behavior: smooth;\r\n    }\r\n\r\n    body {\r\n      margin: 0;\r\n      margin-bottom: -15px;\r\n      padding-top: 5px;\r\n      font-family: 'Plus Jakarta Sans', sans-serif;\r\n    }\r\n\r\n    .fixed-top-bar {\r\n      display: none; \/* Standardm\u00e4\u00dfig ausblenden *\/\r\n    }\r\n\r\n    @media (max-width: 767px) {\r\n      .fixed-top-bar {\r\n        display: flex; \/* Nur bei mobilen Ger\u00e4ten einblenden *\/\r\n        position: fixed;\r\n        top: 10px;\r\n        left: 50%;\r\n        transform: translateX(-50%);\r\n        background-color: #0C513F;\r\n        border-radius: 30px;\r\n        border: 2px solid #FFC501;\r\n        padding: 0.75rem 1.5rem;\r\n        color: white;\r\n        width: 90%;\r\n        max-width: 500px;\r\n        justify-content: center;\r\n        align-items: center;\r\n        gap: 1.2rem;\r\n        z-index: 1000;\r\n        text-align: center;\r\n        box-shadow:\r\n          2px 4px 8px #0000008A,\r\n          0 5px 15px rgba(0, 0, 0, 0.2);\r\n      }\r\n    }\r\n\r\n    .fixed-top-bar a {\r\n      font-size: 1.4rem;\r\n      font-weight: 500;\r\n      white-space: nowrap;\r\n      line-height: 1.2em;\r\n      letter-spacing: -1.2px;\r\n      color: white;\r\n      text-decoration: none;\r\n    }\r\n\r\n    .fixed-top-bar a:hover {\r\n      text-decoration: underline;\r\n    }\r\n  <\/style>\r\n<\/head>\r\n<body>\r\n\r\n  <div class=\"fixed-top-bar\">\r\n    <a href=\"http:\/\/ferienbetreuung-kaufering.de\/#Termine1M\">Termine<\/a>\r\n    <a href=\"http:\/\/ferienbetreuung-kaufering.de\/#ImpressionenM\">Impressionen<\/a>\r\n    <a href=\"http:\/\/ferienbetreuung-kaufering.de\/#FAQs\">FAQs<\/a>\r\n  <\/div>\r\n\r\n<\/body>\r\n<\/html>\n\n\n\n<div class=\"wp-block-uagb-container uagb-block-bdac082c alignfull uagb-is-root-container\"><div class=\"uagb-container-inner-blocks-wrap\">\n<div class=\"wp-block-uagb-advanced-heading uagb-block-97e730de\"><h2 class=\"uagb-heading-text\">Anbieter<\/h2><\/div>\n\n\n\n<p>F\u00f6rderverein Ferienbetreuung Kaufering e. V.<br>E-Mail:&nbsp;<a href=\"mailto:mail@ferienbetreuung-kaufering.de\">mail@ferienbetreuung-kaufering.de<\/a><\/p>\n\n\n\n<div class=\"wp-block-uagb-advanced-heading uagb-block-90dba24f\"><h2 class=\"uagb-heading-text\">Vorstand<\/h2><\/div>\n\n\n\n<p>Diana W\u00fcrfel<br>Sonja Eiser<br>Friederike Clarke<\/p>\n\n\n\n<div class=\"wp-block-uagb-advanced-heading uagb-block-6eca9e9c\"><h2 class=\"uagb-heading-text\">Sitz<\/h2><\/div>\n\n\n\n<p>AMTSGERICHT XXX<\/p>\n\n\n\n<div class=\"wp-block-uagb-advanced-heading uagb-block-d6e721e0\"><h3 class=\"uagb-heading-text\">EU-Streitschlichtung<\/h3><\/div>\n\n\n\n<p>Die Europ\u00e4ische Kommission stellt eine Plattform zur Online-Streitbeilegung (OS) bereit:&nbsp;&nbsp;<a href=\"https:\/\/ec.europa.eu\/consumers\/odr\/\">https:\/\/ec.europa.eu\/consumers\/odr\/<\/a><br>Unsere E-Mail-Adresse finden Sie oben im Impressum.<\/p>\n\n\n\n<div class=\"wp-block-uagb-advanced-heading uagb-block-6e79f90c\"><h3 class=\"uagb-heading-text\">Verbraucher\u00adstreit\u00adbeilegung\/Universal\u00adschlichtungs\u00adstelle<\/h3><\/div>\n\n\n\n<p>Wir sind nicht bereit oder verpflichtet, an Streitbeilegungsverfahren vor einer Verbraucherschlichtungsstelle teilzunehmen.<br>Quelle:&nbsp;<a href=\"https:\/\/www.e-recht24.de\/\">eRecht24<\/a><\/p>\n\n\n\n<div class=\"wp-block-uagb-advanced-heading uagb-block-11700621\"><h3 class=\"uagb-heading-text\">Haftungshinweis:<br><\/h3><\/div>\n\n\n\n<div class=\"wp-block-uagb-advanced-heading uagb-block-a4d6a144\"><h3 class=\"uagb-heading-text\">Haftung f\u00fcr Inhalte<\/h3><\/div>\n\n\n\n<p>Die Inhalte unserer Seiten wurden mit gr\u00f6\u00dfter Sorgfalt erstellt. F\u00fcr die Richtigkeit, Vollst\u00e4ndigkeit und Aktualit\u00e4t der Inhalte k\u00f6nnen wir jedoch keine Gew\u00e4hr \u00fcbernehmen.<\/p>\n<\/div><\/div>\n\n\n\n<footer class=\"wp-block-group alignfull mobile-footer has-background uag-hide-desktop uag-hide-tab has-global-padding is-content-justification-center is-layout-constrained wp-block-group-is-layout-constrained\" style=\"background-color:#0c513f;padding-top:var(--wp--preset--spacing--60);padding-bottom:var(--wp--preset--spacing--50)\">\n<div class=\"wp-block-group alignwide is-layout-flow wp-block-group-is-layout-flow\">\n<div class=\"wp-block-group alignfull is-content-justification-space-between is-layout-flex wp-container-core-group-is-layout-e5edad21 wp-block-group-is-layout-flex\">\n<div class=\"wp-block-columns is-layout-flex wp-container-core-columns-is-layout-28f84493 wp-block-columns-is-layout-flex\">\n<div class=\"wp-block-column is-layout-flow wp-block-column-is-layout-flow\" style=\"flex-basis:100%\">\n<p class=\"has-base-color has-text-color has-link-color wp-elements-4a55986a5c1bfcadb191bc9b08bd9b19\" style=\"font-size:clamp(0.984rem, 0.984rem + ((1vw - 0.2rem) * 0.809), 1.5rem);font-style:normal;font-weight:300\">FERIENBETREUUNG KAUFERING<\/p>\n\n\n<div class=\"tpgb-empty-space tpgb-block-d4e2_1182 \"><\/div>\n\n\n<p class=\"has-text-color has-link-color has-medium-font-size wp-elements-eb6d6596261d69d64ea59c1fd43f723f\" style=\"color:#bcbcbc\"><a href=\"#Termine\">Termine<\/a><\/p>\n\n\n\n<p class=\"has-text-color has-link-color has-medium-font-size wp-elements-d7d09bc2d29f8cfce5cfd8164a60b7b9\" style=\"color:#bcbcbc\"><a href=\"http:\/\/ferienbetreuung-kaufering.de\/wp-content\/uploads\/2025\/05\/Satzung_Stand07052021-1.pdf\" target=\"_blank\" rel=\"noreferrer noopener\">Satzung<\/a><\/p>\n\n\n<div class=\"tpgb-empty-space tpgb-block-78b7_1182 \"><\/div>\n\n\n<div class=\"wp-block-group is-nowrap is-layout-flex wp-container-core-group-is-layout-6c531013 wp-block-group-is-layout-flex\">\n<div class=\"wp-block-tpgb-tp-image tpgb-image tpgb-block-5dac_1182\"><figure class=\"tpgb-figure\"><a href=\"https:\/\/instagram.com\/ferienbetreuung_kaufering\/\" target=\"_blank\" rel=\"follow noopener\"><img decoding=\"async\" src=\"http:\/\/ferienbetreuung-kaufering.de\/wp-content\/uploads\/2025\/03\/5081d3d100a4c52f4c4b5700a537d22a.svg\" alt=\"\" class=\"tpgb-img-inner wp-image-6\" loading=\"lazy\"\/><\/a><\/figure><\/div>\n\n\n\n<div class=\"wp-block-tpgb-tp-image tpgb-image tpgb-block-6e22_1182\"><figure class=\"tpgb-figure\"><a href=\"https:\/\/instagram.com\/ferienbetreuung_kaufering\/\" target=\"_blank\" rel=\"follow noopener\"><img decoding=\"async\" src=\"http:\/\/ferienbetreuung-kaufering.de\/wp-content\/uploads\/2025\/03\/16bd05cebff0cda767a451379c030a63-1.svg\" alt=\"\" class=\"tpgb-img-inner wp-image-132\" loading=\"lazy\"\/><\/a><\/figure><\/div>\n\n\n\n<ul class=\"wp-block-social-links is-style-default is-layout-flex wp-container-core-social-links-is-layout-e7219c75 wp-block-social-links-is-layout-flex\"><li class=\"wp-social-link wp-social-link-mail  wp-block-social-link\"><a rel=\"noopener nofollow\" target=\"_blank\" href=\"mailto:ma&#105;&#108;&#064;f&#101;&#114;i&#101;&#110;b&#101;&#116;re&#117;u&#110;&#103;-kaufe&#114;i&#110;g&#046;&#100;&#101;\" class=\"wp-block-social-link-anchor\"><svg width=\"24\" height=\"24\" viewBox=\"0 0 24 24\" version=\"1.1\" xmlns=\"http:\/\/www.w3.org\/2000\/svg\" aria-hidden=\"true\" focusable=\"false\"><path d=\"M19,5H5c-1.1,0-2,.9-2,2v10c0,1.1.9,2,2,2h14c1.1,0,2-.9,2-2V7c0-1.1-.9-2-2-2zm.5,12c0,.3-.2.5-.5.5H5c-.3,0-.5-.2-.5-.5V9.8l7.5,5.6,7.5-5.6V17zm0-9.1L12,13.6,4.5,7.9V7c0-.3.2-.5.5-.5h14c.3,0,.5.2.5.5v.9z\"><\/path><\/svg><span class=\"wp-block-social-link-label screen-reader-text\">mail@ferienbetreuung-kaufering.de<\/span><\/a><\/li><\/ul>\n<\/div>\n\n\n<div class=\"tpgb-empty-space tpgb-block-5410_1182 \"><\/div><\/div>\n<\/div>\n\n\n<nav style=\"color: #bcbcbc;\" class=\"has-text-color items-justified-right no-wrap wp-block-navigation is-horizontal is-content-justification-right is-nowrap is-layout-flex wp-container-core-navigation-is-layout-ff7ff3df wp-block-navigation-is-layout-flex\" aria-label=\"Footer-Navigation 2\"><ul style=\"color: #bcbcbc;\" class=\"wp-block-navigation__container has-text-color items-justified-right no-wrap wp-block-navigation\"><li class=\" wp-block-navigation-item wp-block-navigation-link\"><a class=\"wp-block-navigation-item__content\"  href=\"http:\/\/ferienbetreuung-kaufering.de\/index.php\/datenschutzerklaerung\/\"><span class=\"wp-block-navigation-item__label\">Datenschutz<\/span><\/a><\/li><li class=\" wp-block-navigation-item wp-block-navigation-link\"><a class=\"wp-block-navigation-item__content\"  href=\"http:\/\/ferienbetreuung-kaufering.de\/index.php\/impressum\/\"><span class=\"wp-block-navigation-item__label\">Impressum<\/span><\/a><\/li><\/ul><\/nav><\/div>\n<\/div>\n<\/footer>\n","protected":false},"excerpt":{"rendered":"<p>Fixiertes Top-Men\u00fc Termine Impressionen FAQs Anbieter F\u00f6rderverein Ferienbetreuung Kaufering e. V.E-Mail:&nbsp;mail@ferienbetreuung-kaufering.de Vorstand Diana W\u00fcrfelSonja EiserFriederike Clarke Sitz AMTSGERICHT XXX EU-Streitschlichtung Die Europ\u00e4ische Kommission stellt eine Plattform zur Online-Streitbeilegung (OS) bereit:&nbsp;&nbsp;https:\/\/ec.europa.eu\/consumers\/odr\/Unsere E-Mail-Adresse finden Sie oben im Impressum. Verbraucher\u00adstreit\u00adbeilegung\/Universal\u00adschlichtungs\u00adstelle Wir sind nicht bereit oder verpflichtet, an Streitbeilegungsverfahren vor einer Verbraucherschlichtungsstelle teilzunehmen.Quelle:&nbsp;eRecht24 Haftungshinweis: Haftung f\u00fcr Inhalte Die Inhalte [&hellip;]<\/p>\n","protected":false},"author":1,"featured_media":0,"parent":0,"menu_order":0,"comment_status":"closed","ping_status":"closed","template":"","meta":{"tpgb_global_settings":"","_uag_custom_page_level_css":"","footnotes":""},"class_list":["post-1182","page","type-page","status-publish","hentry"],"yoast_head":"<!-- This site is optimized with the Yoast SEO plugin v26.8 - https:\/\/yoast.com\/product\/yoast-seo-wordpress\/ -->\n<title>Impressum - Ferienbetreuung Kaufering<\/title>\n<meta name=\"robots\" content=\"noindex, follow\" \/>\n<meta property=\"og:locale\" content=\"de_DE\" \/>\n<meta property=\"og:type\" content=\"article\" \/>\n<meta property=\"og:title\" content=\"Impressum - Ferienbetreuung Kaufering\" \/>\n<meta property=\"og:description\" content=\"Fixiertes Top-Men\u00fc Termine Impressionen FAQs Anbieter F\u00f6rderverein Ferienbetreuung Kaufering e. V.E-Mail:&nbsp;mail@ferienbetreuung-kaufering.de Vorstand Diana W\u00fcrfelSonja EiserFriederike Clarke Sitz AMTSGERICHT XXX EU-Streitschlichtung Die Europ\u00e4ische Kommission stellt eine Plattform zur Online-Streitbeilegung (OS) bereit:&nbsp;&nbsp;https:\/\/ec.europa.eu\/consumers\/odr\/Unsere E-Mail-Adresse finden Sie oben im Impressum. Verbraucher\u00adstreit\u00adbeilegung\/Universal\u00adschlichtungs\u00adstelle Wir sind nicht bereit oder verpflichtet, an Streitbeilegungsverfahren vor einer Verbraucherschlichtungsstelle teilzunehmen.Quelle:&nbsp;eRecht24 Haftungshinweis: Haftung f\u00fcr Inhalte Die Inhalte [&hellip;]\" \/>\n<meta property=\"og:url\" content=\"http:\/\/ferienbetreuung-kaufering.de\/index.php\/impressum\/\" \/>\n<meta property=\"og:site_name\" content=\"Ferienbetreuung Kaufering\" \/>\n<meta property=\"article:modified_time\" content=\"2026-01-29T20:53:54+00:00\" \/>\n<meta name=\"twitter:card\" content=\"summary_large_image\" \/>\n<meta name=\"twitter:label1\" content=\"Gesch\u00e4tzte Lesezeit\" \/>\n\t<meta name=\"twitter:data1\" content=\"1\u00a0Minute\" \/>\n<script type=\"application\/ld+json\" class=\"yoast-schema-graph\">{\"@context\":\"https:\/\/schema.org\",\"@graph\":[{\"@type\":\"WebPage\",\"@id\":\"http:\/\/ferienbetreuung-kaufering.de\/index.php\/impressum\/\",\"url\":\"http:\/\/ferienbetreuung-kaufering.de\/index.php\/impressum\/\",\"name\":\"Impressum - Ferienbetreuung Kaufering\",\"isPartOf\":{\"@id\":\"http:\/\/ferienbetreuung-kaufering.de\/#website\"},\"primaryImageOfPage\":{\"@id\":\"http:\/\/ferienbetreuung-kaufering.de\/index.php\/impressum\/#primaryimage\"},\"image\":{\"@id\":\"http:\/\/ferienbetreuung-kaufering.de\/index.php\/impressum\/#primaryimage\"},\"thumbnailUrl\":\"http:\/\/ferienbetreuung-kaufering.de\/wp-content\/uploads\/2025\/03\/5081d3d100a4c52f4c4b5700a537d22a.svg\",\"datePublished\":\"2025-06-23T21:08:41+00:00\",\"dateModified\":\"2026-01-29T20:53:54+00:00\",\"breadcrumb\":{\"@id\":\"http:\/\/ferienbetreuung-kaufering.de\/index.php\/impressum\/#breadcrumb\"},\"inLanguage\":\"de\",\"potentialAction\":[{\"@type\":\"ReadAction\",\"target\":[\"http:\/\/ferienbetreuung-kaufering.de\/index.php\/impressum\/\"]}]},{\"@type\":\"ImageObject\",\"inLanguage\":\"de\",\"@id\":\"http:\/\/ferienbetreuung-kaufering.de\/index.php\/impressum\/#primaryimage\",\"url\":\"http:\/\/ferienbetreuung-kaufering.de\/wp-content\/uploads\/2025\/03\/5081d3d100a4c52f4c4b5700a537d22a.svg\",\"contentUrl\":\"http:\/\/ferienbetreuung-kaufering.de\/wp-content\/uploads\/2025\/03\/5081d3d100a4c52f4c4b5700a537d22a.svg\",\"width\":24,\"height\":25},{\"@type\":\"BreadcrumbList\",\"@id\":\"http:\/\/ferienbetreuung-kaufering.de\/index.php\/impressum\/#breadcrumb\",\"itemListElement\":[{\"@type\":\"ListItem\",\"position\":1,\"name\":\"Start\",\"item\":\"http:\/\/ferienbetreuung-kaufering.de\/\"},{\"@type\":\"ListItem\",\"position\":2,\"name\":\"Impressum\"}]},{\"@type\":\"WebSite\",\"@id\":\"http:\/\/ferienbetreuung-kaufering.de\/#website\",\"url\":\"http:\/\/ferienbetreuung-kaufering.de\/\",\"name\":\"Ferienbetreuung Kaufering\",\"description\":\"\",\"potentialAction\":[{\"@type\":\"SearchAction\",\"target\":{\"@type\":\"EntryPoint\",\"urlTemplate\":\"http:\/\/ferienbetreuung-kaufering.de\/?s={search_term_string}\"},\"query-input\":{\"@type\":\"PropertyValueSpecification\",\"valueRequired\":true,\"valueName\":\"search_term_string\"}}],\"inLanguage\":\"de\"}]}<\/script>\n<!-- \/ Yoast SEO plugin. -->","yoast_head_json":{"title":"Impressum - Ferienbetreuung Kaufering","robots":{"index":"noindex","follow":"follow"},"og_locale":"de_DE","og_type":"article","og_title":"Impressum - Ferienbetreuung Kaufering","og_description":"Fixiertes Top-Men\u00fc Termine Impressionen FAQs Anbieter F\u00f6rderverein Ferienbetreuung Kaufering e. V.E-Mail:&nbsp;mail@ferienbetreuung-kaufering.de Vorstand Diana W\u00fcrfelSonja EiserFriederike Clarke Sitz AMTSGERICHT XXX EU-Streitschlichtung Die Europ\u00e4ische Kommission stellt eine Plattform zur Online-Streitbeilegung (OS) bereit:&nbsp;&nbsp;https:\/\/ec.europa.eu\/consumers\/odr\/Unsere E-Mail-Adresse finden Sie oben im Impressum. Verbraucher\u00adstreit\u00adbeilegung\/Universal\u00adschlichtungs\u00adstelle Wir sind nicht bereit oder verpflichtet, an Streitbeilegungsverfahren vor einer Verbraucherschlichtungsstelle teilzunehmen.Quelle:&nbsp;eRecht24 Haftungshinweis: Haftung f\u00fcr Inhalte Die Inhalte [&hellip;]","og_url":"http:\/\/ferienbetreuung-kaufering.de\/index.php\/impressum\/","og_site_name":"Ferienbetreuung Kaufering","article_modified_time":"2026-01-29T20:53:54+00:00","twitter_card":"summary_large_image","twitter_misc":{"Gesch\u00e4tzte Lesezeit":"1\u00a0Minute"},"schema":{"@context":"https:\/\/schema.org","@graph":[{"@type":"WebPage","@id":"http:\/\/ferienbetreuung-kaufering.de\/index.php\/impressum\/","url":"http:\/\/ferienbetreuung-kaufering.de\/index.php\/impressum\/","name":"Impressum - Ferienbetreuung Kaufering","isPartOf":{"@id":"http:\/\/ferienbetreuung-kaufering.de\/#website"},"primaryImageOfPage":{"@id":"http:\/\/ferienbetreuung-kaufering.de\/index.php\/impressum\/#primaryimage"},"image":{"@id":"http:\/\/ferienbetreuung-kaufering.de\/index.php\/impressum\/#primaryimage"},"thumbnailUrl":"http:\/\/ferienbetreuung-kaufering.de\/wp-content\/uploads\/2025\/03\/5081d3d100a4c52f4c4b5700a537d22a.svg","datePublished":"2025-06-23T21:08:41+00:00","dateModified":"2026-01-29T20:53:54+00:00","breadcrumb":{"@id":"http:\/\/ferienbetreuung-kaufering.de\/index.php\/impressum\/#breadcrumb"},"inLanguage":"de","potentialAction":[{"@type":"ReadAction","target":["http:\/\/ferienbetreuung-kaufering.de\/index.php\/impressum\/"]}]},{"@type":"ImageObject","inLanguage":"de","@id":"http:\/\/ferienbetreuung-kaufering.de\/index.php\/impressum\/#primaryimage","url":"http:\/\/ferienbetreuung-kaufering.de\/wp-content\/uploads\/2025\/03\/5081d3d100a4c52f4c4b5700a537d22a.svg","contentUrl":"http:\/\/ferienbetreuung-kaufering.de\/wp-content\/uploads\/2025\/03\/5081d3d100a4c52f4c4b5700a537d22a.svg","width":24,"height":25},{"@type":"BreadcrumbList","@id":"http:\/\/ferienbetreuung-kaufering.de\/index.php\/impressum\/#breadcrumb","itemListElement":[{"@type":"ListItem","position":1,"name":"Start","item":"http:\/\/ferienbetreuung-kaufering.de\/"},{"@type":"ListItem","position":2,"name":"Impressum"}]},{"@type":"WebSite","@id":"http:\/\/ferienbetreuung-kaufering.de\/#website","url":"http:\/\/ferienbetreuung-kaufering.de\/","name":"Ferienbetreuung Kaufering","description":"","potentialAction":[{"@type":"SearchAction","target":{"@type":"EntryPoint","urlTemplate":"http:\/\/ferienbetreuung-kaufering.de\/?s={search_term_string}"},"query-input":{"@type":"PropertyValueSpecification","valueRequired":true,"valueName":"search_term_string"}}],"inLanguage":"de"}]}},"tpgb_featured_images":null,"tpgb_post_meta_info":{"get_date":"23. Juni 2025","get_modified_date":"29. Januar 2026","author_name":"admin","author_url":"http:\/\/ferienbetreuung-kaufering.de\/index.php\/author\/admin\/","author_email":"wordpress@brutulian.com","author_website":"http:\/\/ferienbetreuung-kaufering.de","author_description":"","author_facebook":"","author_twitter":"","author_instagram":"","author_role":["administrator"],"author_firstname":"","author_lastname":"","user_login":"admin","author_avatar":"<img alt='' src='https:\/\/secure.gravatar.com\/avatar\/2d38a8d035bf31a76396490e50d0a19c4a1be0cd9f900aa4c9757ce68898f590?s=200&#038;d=mm&#038;r=g' srcset='https:\/\/secure.gravatar.com\/avatar\/2d38a8d035bf31a76396490e50d0a19c4a1be0cd9f900aa4c9757ce68898f590?s=400&#038;d=mm&#038;r=g 2x' class='avatar avatar-200 photo' height='200' width='200' loading='lazy' decoding='async'\/>","author_avatar_url":"https:\/\/secure.gravatar.com\/avatar\/2d38a8d035bf31a76396490e50d0a19c4a1be0cd9f900aa4c9757ce68898f590?s=96&d=mm&r=g","comment_count":0,"post_likes":0,"post_views":0},"tpgb_post_category":[],"uagb_featured_image_src":{"full":false,"thumbnail":false,"medium":false,"medium_large":false,"large":false,"1536x1536":false,"2048x2048":false,"tp-image-grid":false},"uagb_author_info":{"display_name":"admin","author_link":"http:\/\/ferienbetreuung-kaufering.de\/index.php\/author\/admin\/"},"uagb_comment_info":0,"uagb_excerpt":"Fixiertes Top-Men\u00fc Termine Impressionen FAQs Anbieter F\u00f6rderverein Ferienbetreuung Kaufering e. V.E-Mail:&nbsp;mail@ferienbetreuung-kaufering.de Vorstand Diana W\u00fcrfelSonja EiserFriederike Clarke Sitz AMTSGERICHT XXX EU-Streitschlichtung Die Europ\u00e4ische Kommission stellt eine Plattform zur Online-Streitbeilegung (OS) bereit:&nbsp;&nbsp;https:\/\/ec.europa.eu\/consumers\/odr\/Unsere E-Mail-Adresse finden Sie oben im Impressum. Verbraucher\u00adstreit\u00adbeilegung\/Universal\u00adschlichtungs\u00adstelle Wir sind nicht bereit oder verpflichtet, an Streitbeilegungsverfahren vor einer Verbraucherschlichtungsstelle teilzunehmen.Quelle:&nbsp;eRecht24 Haftungshinweis: Haftung f\u00fcr Inhalte Die Inhalte&hellip;","_links":{"self":[{"href":"http:\/\/ferienbetreuung-kaufering.de\/index.php\/wp-json\/wp\/v2\/pages\/1182","targetHints":{"allow":["GET"]}}],"collection":[{"href":"http:\/\/ferienbetreuung-kaufering.de\/index.php\/wp-json\/wp\/v2\/pages"}],"about":[{"href":"http:\/\/ferienbetreuung-kaufering.de\/index.php\/wp-json\/wp\/v2\/types\/page"}],"author":[{"embeddable":true,"href":"http:\/\/ferienbetreuung-kaufering.de\/index.php\/wp-json\/wp\/v2\/users\/1"}],"replies":[{"embeddable":true,"href":"http:\/\/ferienbetreuung-kaufering.de\/index.php\/wp-json\/wp\/v2\/comments?post=1182"}],"version-history":[{"count":18,"href":"http:\/\/ferienbetreuung-kaufering.de\/index.php\/wp-json\/wp\/v2\/pages\/1182\/revisions"}],"predecessor-version":[{"id":1323,"href":"http:\/\/ferienbetreuung-kaufering.de\/index.php\/wp-json\/wp\/v2\/pages\/1182\/revisions\/1323"}],"wp:attachment":[{"href":"http:\/\/ferienbetreuung-kaufering.de\/index.php\/wp-json\/wp\/v2\/media?parent=1182"}],"curies":[{"name":"wp","href":"https:\/\/api.w.org\/{rel}","templated":true}]}}